{"id":917,"date":"2022-05-30T10:56:43","date_gmt":"2022-05-30T08:56:43","guid":{"rendered":"https:\/\/ks-cs.ch\/chi-siamo\/"},"modified":"2024-09-17T20:35:00","modified_gmt":"2024-09-17T18:35:00","slug":"chi-siamo","status":"publish","type":"page","link":"https:\/\/ks-cs.ch\/it\/chi-siamo\/","title":{"rendered":"Chi siamo"},"content":{"rendered":"<div class=\"wpb-content-wrapper\"><p>[vc_row row_height_percent=&#8221;0&#8243; override_padding=&#8221;yes&#8221; h_padding=&#8221;2&#8243; top_padding=&#8221;3&#8243; bottom_padding=&#8221;2&#8243; overlay_alpha=&#8221;50&#8243; gutter_size=&#8221;3&#8243; column_width_percent=&#8221;100&#8243; shift_y=&#8221;0&#8243; z_index=&#8221;0&#8243; uncode_shortcode_id=&#8221;172934&#8243;][vc_column column_width_use_pixel=&#8221;yes&#8221; gutter_size=&#8221;2&#8243; overlay_alpha=&#8221;50&#8243; shift_x=&#8221;0&#8243; shift_y=&#8221;0&#8243; shift_y_down=&#8221;0&#8243; z_index=&#8221;0&#8243; medium_width=&#8221;0&#8243; mobile_width=&#8221;0&#8243; width=&#8221;1\/1&#8243; uncode_shortcode_id=&#8221;104419&#8243; column_width_pixel=&#8221;840&#8243;][uncode_breadcrumbs separator=&#8221;dash&#8221;][vc_custom_heading heading_semantic=&#8221;h1&#8243; text_size=&#8221;h1&#8243; text_weight=&#8221;600&#8243; uncode_shortcode_id=&#8221;172488&#8243;]Insieme ci impegniamo a realizzare gli obiettivi di KS\/CS Comunicazione Svizzera[\/vc_custom_heading][vc_column_text uncode_shortcode_id=&#8221;399823&#8243;]Il Consiglio Direttivo, la Segreteria, le Commissioni Regionali e i Gruppi di Lavoro collaborano per sviluppare le posizioni di KS\/CS e sono le persone di riferimento per i problemi dell&#8217;organizzazione di categoria.[\/vc_column_text][\/vc_column][\/vc_row][vc_row][vc_column width=&#8221;1\/1&#8243;][uncode_block id=&#8221;277&#8243;][\/vc_column][\/vc_row][vc_row row_height_percent=&#8221;0&#8243; overlay_alpha=&#8221;50&#8243; gutter_size=&#8221;3&#8243; column_width_percent=&#8221;100&#8243; shift_y=&#8221;0&#8243; z_index=&#8221;0&#8243; uncode_shortcode_id=&#8221;131953&#8243;][vc_column column_width_use_pixel=&#8221;yes&#8221; gutter_size=&#8221;2&#8243; overlay_alpha=&#8221;50&#8243; shift_x=&#8221;0&#8243; shift_y=&#8221;0&#8243; shift_y_down=&#8221;0&#8243; z_index=&#8221;0&#8243; medium_width=&#8221;0&#8243; mobile_width=&#8221;0&#8243; width=&#8221;1\/1&#8243; uncode_shortcode_id=&#8221;104419&#8243; column_width_pixel=&#8221;840&#8243;][vc_custom_heading text_weight=&#8221;600&#8243; uncode_shortcode_id=&#8221;293391&#8243;]<span style=\"font-weight: 400;\">KS\/CS effettua un monitoraggio costante di tutte le attivit\u00e0 parlamentari che hanno un impatto sulla comunicazione commerciale in Svizzera. <\/span>[\/vc_custom_heading][vc_column_text uncode_shortcode_id=&#8221;178097&#8243;]<span style=\"font-weight: 400;\">Il Comitato di regolazione di KS\/CS \u00e8 composto da rappresentanti dei premium partner e delle associazioni partner. Inoltre si occupa delle questioni politiche rilevanti. Aree complete, <\/span>come la pubblicit\u00e0 esterna o gli alimenti, <span style=\"font-weight: 400;\">sono organizzati <\/span>in gruppi di progetto separati per la politica pubblicitaria. <span style=\"font-weight: 400;\">sintetizzati, che sviluppano posizioni. Non appena l&#8217;agenda politica lo richieder\u00e0, nuovi  <\/span>\u00e8 <span style=\"font-weight: 400;\">stato<\/span> costituito un gruppo di progetto sulla politica pubblicitaria.<\/p>\n<p><span style=\"font-weight: 400;\">KS\/CS lavora a stretto contatto con il gruppo parlamentare &#8220;Mercato e pubblicit\u00e0&#8221;. \u00c8 presieduto dal Consigliere nazionale Gregor Rutz. Attualmente \u00e8 composto da 9 parlamentari provenienti da entrambe le camere del Parlamento e da diversi gruppi parlamentari, regioni e commissioni.   <\/span> L\u2019impegno di KS\/CS Comunicazione Svizzera per la causa della Commissione Svizzera per la Lealt\u00e0 consente uno scambio di informazioni in merito agli impegni per l\u2019autoregolamentazione della European Advertising Standards Alliance (EASA) a livello europeo.[\/vc_column_text][\/vc_column][\/vc_row][vc_row row_height_percent=&#8221;0&#8243; override_padding=&#8221;yes&#8221; h_padding=&#8221;2&#8243; top_padding=&#8221;3&#8243; bottom_padding=&#8221;3&#8243; overlay_alpha=&#8221;50&#8243; gutter_size=&#8221;3&#8243; column_width_percent=&#8221;100&#8243; shift_y=&#8221;0&#8243; z_index=&#8221;0&#8243; uncode_shortcode_id=&#8221;602246&#8243; el_class=&#8221;page_cta&#8221;][vc_column width=&#8221;1\/1&#8243;][uncode_index el_id=&#8221;index-880824&#8243; isotope_mode=&#8221;fitRows&#8221; loop=&#8221;size:10|order_by:date|post_type:page|tax_query:8|taxonomy_count:10&#8243; screen_lg=&#8221;1000&#8243; screen_md=&#8221;600&#8243; screen_sm=&#8221;480&#8243; gutter_size=&#8221;3&#8243; page_items=&#8221;title&#8221; single_style=&#8221;dark&#8221; single_back_color=&#8221;color-210407&#8243; single_shape=&#8221;round&#8221; radius=&#8221;lg&#8221; single_overlay_opacity=&#8221;50&#8243; single_h_align=&#8221;center&#8221; single_padding=&#8221;2&#8243; single_title_dimension=&#8221;h3&#8243; uncode_shortcode_id=&#8221;158858&#8243;][\/vc_column][\/vc_row][vc_row row_height_percent=&#8221;0&#8243; overlay_alpha=&#8221;50&#8243; gutter_size=&#8221;3&#8243; column_width_percent=&#8221;100&#8243; shift_y=&#8221;0&#8243; z_index=&#8221;0&#8243; uncode_shortcode_id=&#8221;131953&#8243;][vc_column column_width_use_pixel=&#8221;yes&#8221; gutter_size=&#8221;2&#8243; overlay_alpha=&#8221;50&#8243; shift_x=&#8221;0&#8243; shift_y=&#8221;0&#8243; shift_y_down=&#8221;0&#8243; z_index=&#8221;0&#8243; medium_width=&#8221;0&#8243; mobile_width=&#8221;0&#8243; width=&#8221;1\/1&#8243; uncode_shortcode_id=&#8221;104419&#8243; column_width_pixel=&#8221;840&#8243;][vc_custom_heading heading_semantic=&#8221;h3&#8243; text_size=&#8221;h4&#8243; text_weight=&#8221;600&#8243; uncode_shortcode_id=&#8221;718371&#8243;]Le nostre posizioni[\/vc_custom_heading][vc_custom_heading text_weight=&#8221;600&#8243; uncode_shortcode_id=&#8221;223462&#8243;]Gestire responsabilmente la libert\u00e0 di pubblicit\u00e0[\/vc_custom_heading][vc_column_text uncode_shortcode_id=&#8221;167997&#8243;]La pubblicit\u00e0, in quanto comunicazione commerciale, gode della tutela costituzionale della libert\u00e0 economica e della libert\u00e0 di informazione. Perch\u00e9 una pubblicit\u00e0 corretta contribuisce in modo significativo alla formazione dell&#8217;opinione di una popolazione informata e matura.[\/vc_column_text][vc_accordion sign=&#8221;plus&#8221; active_tab=&#8221;-1&#8243;][vc_accordion_tab gutter_size=&#8221;2&#8243; column_padding=&#8221;2&#8243; title=&#8221;Chi siamo e cosa facciamo&#8221; tab_id=&#8221;1661951658-1-69&#8243;][vc_column_text uncode_shortcode_id=&#8221;103356&#8243;]KS\/CS Comunicazione Svizzera \u00e8 l&#8217;organizzazione di categoria della comunicazione commerciale in Svizzera. Si batte per la libert\u00e0 e il ruolo portante della pubblicit\u00e0 in ogni parte del Paese. A tal fine sono necessarie condizioni generali e una legislazione che garantiscano una pubblicit\u00e0 libera ed onesta. In qualit\u00e0 di organizzazione di categoria, KS\/CS si adopera per creare condizioni generali politicamente equilibrate ed economicamente ottimali per l&#8217;industria pubblicitaria svizzera: ci\u00f2 consente alle aziende, alle istituzioni e ai singoli di svilupparsi e all&#8217;intera economia e societ\u00e0 di prosperare in modo responsabile.[\/vc_column_text][\/vc_accordion_tab][vc_accordion_tab gutter_size=&#8221;2&#8243; column_padding=&#8221;2&#8243; title=&#8221;La pubblicit\u00e0 \u00e8 un elemento indispensabile dell&apos;economia nazionale&#8221; tab_id=&#8221;1661951658-2-76&#8243;][vc_column_text uncode_shortcode_id=&#8221;158164&#8243;]Un&#8217;economia funzionante ha bisogno di pubblicit\u00e0. Contribuisce in modo significativo alla trasparenza dell&#8217;economia e della democrazia. Informa sulle novit\u00e0 e contribuisce a un consumo consapevole e sostenibile. L&#8217;industria pubblicitaria \u00e8 un datore di lavoro interessante. \u00c8 in gran parte responsabile dell&#8217;istruzione e della formazione dei professionisti che lavorano in questo settore cos\u00ec vario e creativo. La pubblicit\u00e0 \u00e8 una comunicazione onesta. I loro mittenti e i loro interessi sono noti e rintracciabili. Deve poter pubblicizzare responsabilmente prodotti e servizi prodotti e commercializzati legalmente. L&#8217;industria si autoregolamenta con successo. Pertanto, i divieti di pubblicit\u00e0 non necessari sono solo azioni supplenti per politiche inefficienti e non mirate. Forniscono soluzioni senza crearle. Non centrano il problema che si vorrebbe risolvere, ma le persone che lavorano nelle industrie interessate.[\/vc_column_text][vc_button border_width=&#8221;0&#8243; link=&#8221;url:https%3A%2F%2Fks-cs.ch%2Fit%2F%3Fpage_id%3D5060|&#8221; uncode_shortcode_id=&#8221;103543&#8243;]La nostra rete[\/vc_button][\/vc_accordion_tab][vc_accordion_tab gutter_size=&#8221;2&#8243; column_padding=&#8221;2&#8243; title=&#8221;Condizioni generali legali&#8221; tab_id=&#8221;e3234a8b-1238-3&#8243;][vc_column_text uncode_shortcode_id=&#8221;896276&#8243;]In quanto comunicazione commerciale, la pubblicit\u00e0 gode della tutela costituzionalmente garantita della libert\u00e0 di informazione e della libert\u00e0 economica (art. 16 e art. 27 della Costituzione federale della Confederazione Svizzera, BV). La Costituzione stabilisce che le restrizioni alle libert\u00e0 civili devono essere appropriate e proporzionate. \u00c8 necessario dimostrare che le restrizioni pubblicitarie sono adeguate e indispensabili per raggiungere lo scopo pubblico. Anche il contenuto essenziale dei diritti fondamentali \u00e8 inviolabile (art. 36 BV). Nel caso dei divieti di pubblicit\u00e0, tale bilanciamento di interessi deve essere effettuato sulla base dell&#8217;autoresponsabilit\u00e0 dei cittadini costituzionalmente prevista (art. 6 BV). Vietare la comunicazione da parte delle autorit\u00e0 per controllare il comportamento dei cittadini corrisponde a una concezione dello Stato e della societ\u00e0 che non \u00e8 assolutamente compatibile con i nostri principi dello Stato di diritto e con i principi costituzionali di una societ\u00e0 liberale e autoresponsabile. La pubblicit\u00e0 invita a comportamenti responsabili con informazioni valide e giuste e pu\u00f2 essere quidi un&#8217;opportunit\u00e0.[\/vc_column_text][\/vc_accordion_tab][vc_accordion_tab gutter_size=&#8221;2&#8243; column_padding=&#8221;2&#8243; title=&#8221;Autoregolazione&#8221; tab_id=&#8221;296de8af-2592-3&#8243;][vc_column_text uncode_shortcode_id=&#8221;142903&#8243;]La pubblicit\u00e0 deve essere conforme ai principi della Legge sulla concorrenza sleale (LCSI). La pubblicit\u00e0 deve essere accurata e non fuorviante. KS\/CS si impegna a riconoscere i principi della Commissione svizzera per la lealt\u00e0 nella comunicazione commerciale, indipendente ed equamente composta, e il Codice della pubblicit\u00e0 e del marketing della Camera di commercio internazionale. Le disposizioni centrali di questa autoregolamentazione sono, ad esempio, il divieto di pubblicit\u00e0 discriminatoria per motivi di genere, il rispetto della dignit\u00e0 umana, una particolare attenzione nella comunicazione commerciale rivolta ai bambini e ai giovani, nonch\u00e9 requisiti particolarmente severi per le dichiarazioni relative all&#8217;ambiente. KS\/CS e con essa l\u2019intero settore pubblicitario si impegnano a sostenere l\u2019obiettivo della Fondazione per la Lealt\u00e0 nella comunicazione commerciale: promuovere una comunicazione commerciale leale ed equa. Laddove l&#8217;autoregolamentazione e l&#8217;autodisciplina hanno dimostrato la loro validit\u00e0, come nel caso della Commissione per la lealt\u00e0, non \u00e8 sensato n\u00e9 opportuno intraprendere ulteriori azioni legislative.[\/vc_column_text][\/vc_accordion_tab][vc_accordion_tab gutter_size=&#8221;2&#8243; column_padding=&#8221;2&#8243; title=&#8221;Posizioni e dichiarazioni&#8221; tab_id=&#8221;1711450330255-4-5&#8243;][vc_column_text uncode_shortcode_id=&#8221;415083&#8243;]KS\/CS Comunicazione Svizzera monitora la politica federale per quanto riguarda le leggi e le iniziative parlamentari che riguardano la comunicazione commerciale. Nell&#8217;interesse dei suoi membri e partner, KS\/CS forma gruppi di progetto di politica pubblicitaria e sviluppa posizioni insieme a loro.[\/vc_column_text][vc_button border_width=&#8221;0&#8243; link=&#8221;url:https%3A%2F%2Fks-cs.ch%2Fit%2Fchi-siamo%2Fle-nostre-posizioni%2F|target:_blank|&#8221; uncode_shortcode_id=&#8221;280499&#8243;]Le nostre posizioni[\/vc_button][\/vc_accordion_tab][\/vc_accordion][\/vc_column][\/vc_row][vc_row][vc_column width=&#8221;1\/1&#8243;][\/vc_column][\/vc_row]<\/p>\n<\/div>","protected":false},"excerpt":{"rendered":"<p>[vc_row row_height_percent=&#8221;0&#8243; override_padding=&#8221;yes&#8221; h_padding=&#8221;2&#8243; top_padding=&#8221;3&#8243; bottom_padding=&#8221;2&#8243; overlay_alpha=&#8221;50&#8243; gutter_size=&#8221;3&#8243; column_width_percent=&#8221;100&#8243; shift_y=&#8221;0&#8243; z_index=&#8221;0&#8243; uncode_shortcode_id=&#8221;172934&#8243;][vc_column column_width_use_pixel=&#8221;yes&#8221; gutter_size=&#8221;2&#8243; overlay_alpha=&#8221;50&#8243; shift_x=&#8221;0&#8243; shift_y=&#8221;0&#8243; shift_y_down=&#8221;0&#8243; z_index=&#8221;0&#8243; medium_width=&#8221;0&#8243; [&hellip;]<\/p>\n","protected":false},"author":1,"featured_media":876,"parent":0,"menu_order":5,"comment_status":"closed","ping_status":"closed","template":"","meta":{"content-type":"","footnotes":""},"class_list":["post-917","page","type-page","status-publish","has-post-thumbnail","hentry"],"yoast_head":"<!-- This site is optimized with the Yoast SEO plugin v27.5 - https:\/\/yoast.com\/product\/yoast-seo-wordpress\/ -->\n<title>Chi siamo - KS\/CS Comunicazione Svizzera<\/title>\n<meta name=\"description\" content=\"Insieme ci impegniamo a raggiungere gli obiettivi di KS\/CS Comunicazione Svizzera. Il Consiglio Direttivo, la Segreteria, le Commissioni Regionali e i Gruppi di Lavoro collaborano per sviluppare le posizioni di KS\/CS e sono le persone di riferimento per i problemi dell&#039;organizzazione di categoria.\" \/>\n<meta name=\"robots\" content=\"index, follow, max-snippet:-1, max-image-preview:large, max-video-preview:-1\" \/>\n<link rel=\"canonical\" href=\"https:\/\/ks-cs.ch\/it\/chi-siamo\/\" \/>\n<meta property=\"og:locale\" content=\"it_IT\" \/>\n<meta property=\"og:type\" content=\"article\" \/>\n<meta property=\"og:title\" content=\"Chi siamo - KS\/CS Comunicazione Svizzera\" \/>\n<meta property=\"og:description\" content=\"Insieme ci impegniamo a raggiungere gli obiettivi di KS\/CS Comunicazione Svizzera. Il Consiglio Direttivo, la Segreteria, le Commissioni Regionali e i Gruppi di Lavoro collaborano per sviluppare le posizioni di KS\/CS e sono le persone di riferimento per i problemi dell&#039;organizzazione di categoria.\" \/>\n<meta property=\"og:url\" content=\"https:\/\/ks-cs.ch\/it\/chi-siamo\/\" \/>\n<meta property=\"og:site_name\" content=\"KS\/CS Comunicazione Svizzera\" \/>\n<meta property=\"article:modified_time\" content=\"2024-09-17T18:35:00+00:00\" \/>\n<meta property=\"og:image\" content=\"https:\/\/ks-cs.ch\/wp-content\/uploads\/2022\/08\/Zusammenarbeit_am-Tisch-scaled.jpg\" \/>\n\t<meta property=\"og:image:width\" content=\"2560\" \/>\n\t<meta property=\"og:image:height\" content=\"1440\" \/>\n\t<meta property=\"og:image:type\" content=\"image\/jpeg\" \/>\n<meta name=\"twitter:card\" content=\"summary_large_image\" \/>\n<meta name=\"twitter:label1\" content=\"Tempo di lettura stimato\" \/>\n\t<meta name=\"twitter:data1\" content=\"6 minuti\" \/>\n<script type=\"application\/ld+json\" class=\"yoast-schema-graph\">{\"@context\":\"https:\\\/\\\/schema.org\",\"@graph\":[{\"@type\":\"WebPage\",\"@id\":\"https:\\\/\\\/ks-cs.ch\\\/it\\\/chi-siamo\\\/\",\"url\":\"https:\\\/\\\/ks-cs.ch\\\/it\\\/chi-siamo\\\/\",\"name\":\"Chi siamo - KS\\\/CS Comunicazione Svizzera\",\"isPartOf\":{\"@id\":\"https:\\\/\\\/ks-cs.ch\\\/it\\\/#website\"},\"primaryImageOfPage\":{\"@id\":\"https:\\\/\\\/ks-cs.ch\\\/it\\\/chi-siamo\\\/#primaryimage\"},\"image\":{\"@id\":\"https:\\\/\\\/ks-cs.ch\\\/it\\\/chi-siamo\\\/#primaryimage\"},\"thumbnailUrl\":\"https:\\\/\\\/ks-cs.ch\\\/wp-content\\\/uploads\\\/2022\\\/08\\\/Zusammenarbeit_am-Tisch-scaled.jpg\",\"datePublished\":\"2022-05-30T08:56:43+00:00\",\"dateModified\":\"2024-09-17T18:35:00+00:00\",\"description\":\"Insieme ci impegniamo a raggiungere gli obiettivi di KS\\\/CS Comunicazione Svizzera. Il Consiglio Direttivo, la Segreteria, le Commissioni Regionali e i Gruppi di Lavoro collaborano per sviluppare le posizioni di KS\\\/CS e sono le persone di riferimento per i problemi dell'organizzazione di categoria.\",\"breadcrumb\":{\"@id\":\"https:\\\/\\\/ks-cs.ch\\\/it\\\/chi-siamo\\\/#breadcrumb\"},\"inLanguage\":\"it-IT\",\"potentialAction\":[{\"@type\":\"ReadAction\",\"target\":[\"https:\\\/\\\/ks-cs.ch\\\/it\\\/chi-siamo\\\/\"]}]},{\"@type\":\"ImageObject\",\"inLanguage\":\"it-IT\",\"@id\":\"https:\\\/\\\/ks-cs.ch\\\/it\\\/chi-siamo\\\/#primaryimage\",\"url\":\"https:\\\/\\\/ks-cs.ch\\\/wp-content\\\/uploads\\\/2022\\\/08\\\/Zusammenarbeit_am-Tisch-scaled.jpg\",\"contentUrl\":\"https:\\\/\\\/ks-cs.ch\\\/wp-content\\\/uploads\\\/2022\\\/08\\\/Zusammenarbeit_am-Tisch-scaled.jpg\",\"width\":2560,\"height\":1440,\"caption\":\"Uomini e donne d'affari asiatici che si incontrano per un brainstorming di idee sulla progettazione creativa di un'applicazione web e sullo sviluppo di un modello di layout per un progetto di telefonia mobile, lavorando insieme in un piccolo ufficio.\"},{\"@type\":\"BreadcrumbList\",\"@id\":\"https:\\\/\\\/ks-cs.ch\\\/it\\\/chi-siamo\\\/#breadcrumb\",\"itemListElement\":[{\"@type\":\"ListItem\",\"position\":1,\"name\":\"Home\",\"item\":\"https:\\\/\\\/ks-cs.ch\\\/it\\\/\"},{\"@type\":\"ListItem\",\"position\":2,\"name\":\"Chi siamo\"}]},{\"@type\":\"WebSite\",\"@id\":\"https:\\\/\\\/ks-cs.ch\\\/it\\\/#website\",\"url\":\"https:\\\/\\\/ks-cs.ch\\\/it\\\/\",\"name\":\"KS\\\/CS Kommunikation Schweiz\",\"description\":\"Associazione di comunicazione commerciale\",\"publisher\":{\"@id\":\"https:\\\/\\\/ks-cs.ch\\\/it\\\/#organization\"},\"potentialAction\":[{\"@type\":\"SearchAction\",\"target\":{\"@type\":\"EntryPoint\",\"urlTemplate\":\"https:\\\/\\\/ks-cs.ch\\\/it\\\/?s={search_term_string}\"},\"query-input\":{\"@type\":\"PropertyValueSpecification\",\"valueRequired\":true,\"valueName\":\"search_term_string\"}}],\"inLanguage\":\"it-IT\"},{\"@type\":\"Organization\",\"@id\":\"https:\\\/\\\/ks-cs.ch\\\/it\\\/#organization\",\"name\":\"KS\\\/CS Kommunikation Schweiz\",\"url\":\"https:\\\/\\\/ks-cs.ch\\\/it\\\/\",\"logo\":{\"@type\":\"ImageObject\",\"inLanguage\":\"it-IT\",\"@id\":\"https:\\\/\\\/ks-cs.ch\\\/it\\\/#\\\/schema\\\/logo\\\/image\\\/\",\"url\":\"https:\\\/\\\/ks-cs.ch\\\/wp-content\\\/uploads\\\/2022\\\/12\\\/Logo-Social-Media-1.jpg\",\"contentUrl\":\"https:\\\/\\\/ks-cs.ch\\\/wp-content\\\/uploads\\\/2022\\\/12\\\/Logo-Social-Media-1.jpg\",\"width\":709,\"height\":608,\"caption\":\"KS\\\/CS Kommunikation Schweiz\"},\"image\":{\"@id\":\"https:\\\/\\\/ks-cs.ch\\\/it\\\/#\\\/schema\\\/logo\\\/image\\\/\"},\"sameAs\":[\"https:\\\/\\\/www.linkedin.com\\\/company\\\/kommunikation-schweiz-communication-suisse-comunicazione-svizzera-communication-switzerland\\\/\"]}]}<\/script>\n<!-- \/ Yoast SEO plugin. -->","yoast_head_json":{"title":"Chi siamo - KS\/CS Comunicazione Svizzera","description":"Insieme ci impegniamo a raggiungere gli obiettivi di KS\/CS Comunicazione Svizzera. Il Consiglio Direttivo, la Segreteria, le Commissioni Regionali e i Gruppi di Lavoro collaborano per sviluppare le posizioni di KS\/CS e sono le persone di riferimento per i problemi dell'organizzazione di categoria.","robots":{"index":"index","follow":"follow","max-snippet":"max-snippet:-1","max-image-preview":"max-image-preview:large","max-video-preview":"max-video-preview:-1"},"canonical":"https:\/\/ks-cs.ch\/it\/chi-siamo\/","og_locale":"it_IT","og_type":"article","og_title":"Chi siamo - KS\/CS Comunicazione Svizzera","og_description":"Insieme ci impegniamo a raggiungere gli obiettivi di KS\/CS Comunicazione Svizzera. Il Consiglio Direttivo, la Segreteria, le Commissioni Regionali e i Gruppi di Lavoro collaborano per sviluppare le posizioni di KS\/CS e sono le persone di riferimento per i problemi dell'organizzazione di categoria.","og_url":"https:\/\/ks-cs.ch\/it\/chi-siamo\/","og_site_name":"KS\/CS Comunicazione Svizzera","article_modified_time":"2024-09-17T18:35:00+00:00","og_image":[{"width":2560,"height":1440,"url":"https:\/\/ks-cs.ch\/wp-content\/uploads\/2022\/08\/Zusammenarbeit_am-Tisch-scaled.jpg","type":"image\/jpeg"}],"twitter_card":"summary_large_image","twitter_misc":{"Tempo di lettura stimato":"6 minuti"},"schema":{"@context":"https:\/\/schema.org","@graph":[{"@type":"WebPage","@id":"https:\/\/ks-cs.ch\/it\/chi-siamo\/","url":"https:\/\/ks-cs.ch\/it\/chi-siamo\/","name":"Chi siamo - KS\/CS Comunicazione Svizzera","isPartOf":{"@id":"https:\/\/ks-cs.ch\/it\/#website"},"primaryImageOfPage":{"@id":"https:\/\/ks-cs.ch\/it\/chi-siamo\/#primaryimage"},"image":{"@id":"https:\/\/ks-cs.ch\/it\/chi-siamo\/#primaryimage"},"thumbnailUrl":"https:\/\/ks-cs.ch\/wp-content\/uploads\/2022\/08\/Zusammenarbeit_am-Tisch-scaled.jpg","datePublished":"2022-05-30T08:56:43+00:00","dateModified":"2024-09-17T18:35:00+00:00","description":"Insieme ci impegniamo a raggiungere gli obiettivi di KS\/CS Comunicazione Svizzera. Il Consiglio Direttivo, la Segreteria, le Commissioni Regionali e i Gruppi di Lavoro collaborano per sviluppare le posizioni di KS\/CS e sono le persone di riferimento per i problemi dell'organizzazione di categoria.","breadcrumb":{"@id":"https:\/\/ks-cs.ch\/it\/chi-siamo\/#breadcrumb"},"inLanguage":"it-IT","potentialAction":[{"@type":"ReadAction","target":["https:\/\/ks-cs.ch\/it\/chi-siamo\/"]}]},{"@type":"ImageObject","inLanguage":"it-IT","@id":"https:\/\/ks-cs.ch\/it\/chi-siamo\/#primaryimage","url":"https:\/\/ks-cs.ch\/wp-content\/uploads\/2022\/08\/Zusammenarbeit_am-Tisch-scaled.jpg","contentUrl":"https:\/\/ks-cs.ch\/wp-content\/uploads\/2022\/08\/Zusammenarbeit_am-Tisch-scaled.jpg","width":2560,"height":1440,"caption":"Uomini e donne d'affari asiatici che si incontrano per un brainstorming di idee sulla progettazione creativa di un'applicazione web e sullo sviluppo di un modello di layout per un progetto di telefonia mobile, lavorando insieme in un piccolo ufficio."},{"@type":"BreadcrumbList","@id":"https:\/\/ks-cs.ch\/it\/chi-siamo\/#breadcrumb","itemListElement":[{"@type":"ListItem","position":1,"name":"Home","item":"https:\/\/ks-cs.ch\/it\/"},{"@type":"ListItem","position":2,"name":"Chi siamo"}]},{"@type":"WebSite","@id":"https:\/\/ks-cs.ch\/it\/#website","url":"https:\/\/ks-cs.ch\/it\/","name":"KS\/CS Kommunikation Schweiz","description":"Associazione di comunicazione commerciale","publisher":{"@id":"https:\/\/ks-cs.ch\/it\/#organization"},"potentialAction":[{"@type":"SearchAction","target":{"@type":"EntryPoint","urlTemplate":"https:\/\/ks-cs.ch\/it\/?s={search_term_string}"},"query-input":{"@type":"PropertyValueSpecification","valueRequired":true,"valueName":"search_term_string"}}],"inLanguage":"it-IT"},{"@type":"Organization","@id":"https:\/\/ks-cs.ch\/it\/#organization","name":"KS\/CS Kommunikation Schweiz","url":"https:\/\/ks-cs.ch\/it\/","logo":{"@type":"ImageObject","inLanguage":"it-IT","@id":"https:\/\/ks-cs.ch\/it\/#\/schema\/logo\/image\/","url":"https:\/\/ks-cs.ch\/wp-content\/uploads\/2022\/12\/Logo-Social-Media-1.jpg","contentUrl":"https:\/\/ks-cs.ch\/wp-content\/uploads\/2022\/12\/Logo-Social-Media-1.jpg","width":709,"height":608,"caption":"KS\/CS Kommunikation Schweiz"},"image":{"@id":"https:\/\/ks-cs.ch\/it\/#\/schema\/logo\/image\/"},"sameAs":["https:\/\/www.linkedin.com\/company\/kommunikation-schweiz-communication-suisse-comunicazione-svizzera-communication-switzerland\/"]}]}},"publishpress_future_action":{"enabled":false,"date":"2026-05-07 17:15:54","action":"change-status","newStatus":"draft","terms":[],"taxonomy":"translation_priority","extraData":[]},"publishpress_future_workflow_manual_trigger":{"enabledWorkflows":[]},"_links":{"self":[{"href":"https:\/\/ks-cs.ch\/it\/wp-json\/wp\/v2\/pages\/917","targetHints":{"allow":["GET"]}}],"collection":[{"href":"https:\/\/ks-cs.ch\/it\/wp-json\/wp\/v2\/pages"}],"about":[{"href":"https:\/\/ks-cs.ch\/it\/wp-json\/wp\/v2\/types\/page"}],"author":[{"embeddable":true,"href":"https:\/\/ks-cs.ch\/it\/wp-json\/wp\/v2\/users\/1"}],"replies":[{"embeddable":true,"href":"https:\/\/ks-cs.ch\/it\/wp-json\/wp\/v2\/comments?post=917"}],"version-history":[{"count":11,"href":"https:\/\/ks-cs.ch\/it\/wp-json\/wp\/v2\/pages\/917\/revisions"}],"predecessor-version":[{"id":6323,"href":"https:\/\/ks-cs.ch\/it\/wp-json\/wp\/v2\/pages\/917\/revisions\/6323"}],"wp:featuredmedia":[{"embeddable":true,"href":"https:\/\/ks-cs.ch\/it\/wp-json\/wp\/v2\/media\/876"}],"wp:attachment":[{"href":"https:\/\/ks-cs.ch\/it\/wp-json\/wp\/v2\/media?parent=917"}],"curies":[{"name":"wp","href":"https:\/\/api.w.org\/{rel}","templated":true}]}}