{"id":1155,"date":"2022-06-15T17:23:38","date_gmt":"2022-06-15T15:23:38","guid":{"rendered":"https:\/\/ks-cs.ch\/chi-siamo\/statuti\/"},"modified":"2024-09-17T14:28:09","modified_gmt":"2024-09-17T12:28:09","slug":"statuti","status":"publish","type":"page","link":"https:\/\/ks-cs.ch\/it\/chi-siamo\/statuti\/","title":{"rendered":"Statuti"},"content":{"rendered":"<div class=\"wpb-content-wrapper\"><p>[vc_row row_height_percent=&#8221;0&#8243; override_padding=&#8221;yes&#8221; h_padding=&#8221;2&#8243; top_padding=&#8221;3&#8243; bottom_padding=&#8221;2&#8243; overlay_alpha=&#8221;50&#8243; gutter_size=&#8221;3&#8243; column_width_percent=&#8221;100&#8243; shift_y=&#8221;0&#8243; z_index=&#8221;0&#8243; uncode_shortcode_id=&#8221;172934&#8243;][vc_column column_width_use_pixel=&#8221;yes&#8221; gutter_size=&#8221;2&#8243; overlay_alpha=&#8221;50&#8243; shift_x=&#8221;0&#8243; shift_y=&#8221;0&#8243; shift_y_down=&#8221;0&#8243; z_index=&#8221;0&#8243; medium_width=&#8221;0&#8243; mobile_width=&#8221;0&#8243; width=&#8221;1\/1&#8243; uncode_shortcode_id=&#8221;104419&#8243; column_width_pixel=&#8221;840&#8243;][uncode_breadcrumbs separator=&#8221;dash&#8221;][vc_custom_heading heading_semantic=&#8221;h1&#8243; text_size=&#8221;h1&#8243; uncode_shortcode_id=&#8221;144572&#8243;]Statuti di KS\/CS Kommunikation Schweiz &#8211; L&#8217;associazione ombrello della pubblicit\u00e0 svizzera[\/vc_custom_heading][vc_column_text uncode_shortcode_id=&#8221;113264&#8243;]Valido dal 7 maggio 2021, modificato per 23 maggio 2023, modificato per 1 settembre 2024[\/vc_column_text][\/vc_column][\/vc_row][vc_row row_height_percent=&#8221;0&#8243; overlay_alpha=&#8221;50&#8243; gutter_size=&#8221;3&#8243; column_width_percent=&#8221;100&#8243; shift_y=&#8221;0&#8243; z_index=&#8221;0&#8243; uncode_shortcode_id=&#8221;131953&#8243;][vc_column column_width_use_pixel=&#8221;yes&#8221; gutter_size=&#8221;2&#8243; overlay_alpha=&#8221;50&#8243; shift_x=&#8221;0&#8243; shift_y=&#8221;0&#8243; shift_y_down=&#8221;0&#8243; z_index=&#8221;0&#8243; medium_width=&#8221;0&#8243; mobile_width=&#8221;0&#8243; width=&#8221;1\/1&#8243; uncode_shortcode_id=&#8221;104419&#8243; column_width_pixel=&#8221;840&#8243;][vc_column_text uncode_shortcode_id=&#8221;152537&#8243;]<\/p>\n<h2>ASPETTI GENERALI<\/h2>\n<p><strong>Art. 1 Nome e sede<\/strong><\/p>\n<p><span class=\"TextRun SCXW227673061 BCX0\" lang=\"IT-IT\" xml:lang=\"IT-IT\" data-contrast=\"none\"><span class=\"NormalTextRun SCXW227673061 BCX0\" data-ccp-charstyle=\"normaltextrun\" data-ccp-charstyle-defn=\"{&quot;ObjectId&quot;:&quot;222ffbae-fcb9-450c-b237-1ce4a3bf0427|32&quot;,&quot;ClassId&quot;:1073872969,&quot;Properties&quot;:[469775450,&quot;normaltextrun&quot;,201340122,&quot;1&quot;,134233614,&quot;true&quot;,469778129,&quot;normaltextrun&quot;,335572020,&quot;1&quot;,469778324,&quot;Default Paragraph Font&quot;]}\">A norma del Codice civile svizzero (art. 60 e segg.) \u00e8 costituita un\u2019associazione denominata<\/span><\/span><\/p>\n<p>\u2212 KS\/CS Kommunikation Schweiz<br \/>\n\u2212 KS\/CS Communication Suisse<br \/>\n\u2212 KS\/CS Comunicazione Svizzera<br \/>\n\u2212 KS\/CS Communication Switzerland<\/p>\n<p><span class=\"TextRun SCXW227673061 BCX0\" lang=\"IT-IT\" xml:lang=\"IT-IT\" data-contrast=\"none\"><span class=\"NormalTextRun SCXW227673061 BCX0\" data-ccp-charstyle=\"normaltextrun\" data-ccp-charstyle-defn=\"{&quot;ObjectId&quot;:&quot;222ffbae-fcb9-450c-b237-1ce4a3bf0427|32&quot;,&quot;ClassId&quot;:1073872969,&quot;Properties&quot;:[469775450,&quot;normaltextrun&quot;,201340122,&quot;1&quot;,134233614,&quot;true&quot;,469778129,&quot;normaltextrun&quot;,335572020,&quot;1&quot;,469778324,&quot;Default Paragraph Font&quot;]}\">\u00a0con sede presso la segreteria dell\u2019Associazione<\/span><\/span><span class=\"TextRun SCXW227673061 BCX0\" lang=\"IT-IT\" xml:lang=\"IT-IT\" data-contrast=\"none\"><span class=\"NormalTextRun SCXW227673061 BCX0\" data-ccp-charstyle=\"normaltextrun\">.<\/span><\/span><\/p>\n<p><strong>Art. 2 Finalit\u00e0 e scopo<\/strong><br \/>\nL\u2019associazione si intende quale associazione mantello della comunicazione commerciale in Svizzera e ha quale obiettivo di creare e preservare condizioni quadro liberali per la comunicazione commerciale. Il suo scopo \u00e8 quello di sostenere la promozione della pubblicit\u00e0, della politica dei media e dell\u2019autoregolamentazione, ivi compresa l\u2019autoregolamentazione della lealt\u00e0 nella comunicazione commerciale, e nel valorizzare il settore della comunicazione commerciale. L\u2019associazione intende creare condizioni quadro equilibrate dal punto di vista politico e ottimali dal punto di vista economico dell\u2019industria pubblicitaria svizzera, affinch\u00e9 aziende, istituzioni e individui possano svilupparsi e l\u2019economia cos\u00ec come la societ\u00e0 possano prosperare. L\u2019associazione \u00e8 consapevole della responsabilit\u00e0 sociale della comunicazione commerciale. Essa promuove la consapevolezza dell\u2019importanza della comunicazione commerciale per la Svizzera sia in termini economici che culturali. Si impegna in modo responsabile, equo e indipendente.<\/p>\n<p>Al fine di sostenere e rafforzare il suo scopo e i suoi obiettivi, l\u2019associazione pu\u00f2 siglare accordi di partnership con soci o parti terze.<\/p>\n<p><strong>Art. 3 Soci<\/strong><br \/>\nPossono presentare domanda di adesione all\u2019associazione le persone giuridiche e fisiche che sono interessate alla comunicazione commerciale in Svizzera.<\/p>\n<p>L\u2019adesione pu\u00f2 essere rifiutata dal Consiglio senza adduzione di motivazioni e in modo inappellabile.<\/p>\n<p><strong>Art. 4 Soci onorari<\/strong><br \/>\nSu istanza del Consiglio, l\u2019Assemblea dei soci pu\u00f2 nominare soci onorari persone ritenute particolarmente meritevoli nel loro impegno a favore dell\u2019associazione o del settore.<\/p>\n<p>I soci onorari hanno gli stessi diritti dei soci e sono esentati dal versamento della quota sociale.<\/p>\n<p><strong>Art. 5 Dimissioni ed esclusione<\/strong><br \/>\nLe dimissioni sono possibili per la fine di dicembre dell\u2019anno corrente e devono essere comunicate al segretariato con un preavviso di sei mesi per scritto. Singoli accordi divergenti siglati tra un socio e l\u2019associazione che prevedono termini di preavviso pi\u00f9 lunghi, hanno la precedenza.<\/p>\n<p>Il Consiglio pu\u00f2 escludere soci che contravvengono agli statuti o alle decisioni degli organi. Il socio escluso ha un mese di tempo per presentare ricorso all\u2019Assemblea dei soci a cui spetta la decisione finale.<\/p>\n<p>Un socio che dopo due solleciti continua a non adempiere al pagamento della quota sociale pu\u00f2 essere escluso dal Consiglio in modo inappellabile.<\/p>\n<p>La cessazione dell\u2019appartenenza all\u2019associazione avviene in automatico in caso di scioglimento o fallimento di persone giuridiche o di decesso di persone fisiche; essa equivale alle dimissioni.<\/p>\n<p><strong>Art. 6 Diritti e doveri<\/strong><br \/>\nOgni socio ha il diritto di presentare al Consiglio proposte scritte su questioni inerenti alla comunicazione commerciale o alla politica associativa, cos\u00ec come di sottoporre richieste all\u2019Assemblea dei soci.<\/p>\n<p>I soci sostengono l\u2019associazione nell\u2019acquisizione di nuovi soci. L\u2019associazione e i soci rinunciano a qualsiasi forma di reciproco accaparramento o sottrazione di altri soci.<\/p>\n<p><strong>Art. 7 Quote sociali<\/strong><br \/>\nSu proposta del Consiglio, l\u2019Assemblea dei soci fissa le quote sociali che, per le persone giuridiche, si basano sulla loro capacit\u00e0 e importanza economica per il settore della comunicazione commerciale.<\/p>\n<p>Il Segretariato pu\u00f2 concordare quote sociali pi\u00f9 elevate per singoli soci. Per le persone fisiche viene fissata una quota sociale pro capite. I nuovi soci pagano una quota pro-rata temporis per l\u2019anno in corso.<\/p>\n<p><strong>Art. 8 Responsabilit\u00e0 e pretese<\/strong><br \/>\nLa decisione relativa alle quote annue \u00e8 definita nel quadro di una griglia di contribuzioni che equivale alla definizione dei contributi secondo gli statuti (art. 71 CC).<\/p>\n<p>Per i debiti associativi risponde unicamente il patrimonio dell\u2019associazione; \u00e8 esclusa qualsiasi responsabilit\u00e0 personale dei soci.<\/p>\n<p>I soci dimissionari o esclusi non hanno alcun diritto al patrimonio dell\u2019associazione.<\/p>\n<h2>ORGANIZZAZIONE<\/h2>\n<p><strong>Art. 9 Organi dell\u2019associazione<\/strong><br \/>\nGli organi dell\u2019associazione sono:<br \/>\na) l\u2019Assemblea dei soci<br \/>\nb) il Consiglio<br \/>\nc) le Commissioni (commissioni regionali e commissioni tecniche)<br \/>\nd) il Segretariato<br \/>\ne) l\u2019organo di revisione<\/p>\n<p>Nella composizione degli organi \u00e8 necessario aspirare ad una partecipazione paritetica della tipologia di soci e prestare attenzione a una rappresentanza adeguata delle regioni linguistiche del Paese.<\/p>\n<p><strong>Art. 10 Aspetti generali<\/strong><br \/>\nGli organi si riuniscono su invito dei rispettivi Presidenti con una frequenza rispondente alle specifiche esigenze. Per la validit\u00e0 delle delibere degli organi non \u00e8 richiesta la presenza di una percentuale minima specifica di membri.<\/p>\n<p>Le assemblee, compresa l\u2019Assemblea dei soci, possono svolgersi in base alla decisione del Consiglio anche per via elettronica o scritta.<\/p>\n<p>Le sedute straordinarie degli organi possono essere convocate su richiesta di un quinto dei soci degli organi. Gli organi si costituiscono da s\u00e9, fatte salve le prescrizioni statutarie e di legge.<\/p>\n<p>La data dell\u2019Assemblea dei soci deve essere annunciata a mezzo del sito web dell\u2019associazione con 8 settimane di anticipo; l\u2019invito congiuntamente all\u2019ordine del giorno, deve essere inviato ai soci per via elettronica e\/o per lettera 3 settimane prima dell\u2019assemblea. Le richieste di singoli soci devono pervenire al Presidente in tempo utile affinch\u00e9 egli possa includerle nell\u2019ordine del giorno. Le richieste destinate all\u2019Assemblea dei soci devono essere preparate dal Consiglio e pervenire al segretariato almeno 6 settimane prima dell\u2019Assemblea.<\/p>\n<p>Il Consiglio o un quinto dei soci pu\u00f2 richiedere in qualsiasi momento la convocazione di un\u2019Assemblea straordinaria dei soci specificandone lo scopo e l\u2019ordine del giorno. L\u2019Assemblea deve svolgersi al pi\u00f9 tardi quattro settimane dopo la ricezione dell\u2019istanza.<\/p>\n<p>Le sedute di altri organi vengono convocate dai rispettivi Presidenti con un preavviso adeguato.<\/p>\n<p>L\u2019intera corrispondenza dell\u2019associazione, compreso l\u2019invito all\u2019Assemblea dei soci, pu\u00f2 essere gestita per via elettronica, fatta eccezione per le richieste dei soci all\u2019Assemblea dei soci e per la dimissione di un socio dall\u2019associazione. Le richieste dei soci all\u2019assemblea dei soci devono essere comunicate tramite raccomandata.<\/p>\n<p><strong>Art. 11 Diritto di voto e decisioni<\/strong><br \/>\nAll\u2019interno degli organi, compresa l\u2019Assemblea dei soci, ogni socio ha diritto a un voto.<\/p>\n<p>Gli organi deliberano e applicano le decisioni a maggioranza assoluta dei voti espressi, salvo che gli statuti non prevedano diversamente.<\/p>\n<p>La presa di decisioni in forma scritta o elettronica al di fuori delle sedute \u00e8 ammessa qualora almeno la met\u00e0 dei soci abbia espresso il proprio voto. La mancata risposta da parte di un socio \u00e8 considerata un\u2019astensione dal voto.<\/p>\n<p>Tramite procura scritta, un socio pu\u00f2 rappresentare al massimo un altro socio oppure un terzo pu\u00f2 rappresentare un socio.<\/p>\n<p><strong>Art. 12 Durata del mandato<\/strong><br \/>\nGli organi sono eletti per 3 anni e sono rieleggibili. I soci del Consiglio, compresi il Presidente e il vicepresidente possono essere rieletti tre volte. Le elezioni suppletive possono avere luogo per la durata rimanente di un mandato. Salvo diversamente disposto, i rappresentanti delegati in altre organizzazioni sono eletti per la stessa durata del mandato.<\/p>\n<p><strong>Art. 13 Comunicazioni, lingue e diritti di firma<br \/>\n<\/strong>Le comunicazioni vengono effettuate mediante circolari o su una piattaforma online scelta dal Consiglio.<\/p>\n<p>Le lingue ufficiali in cui ogni socio e organo pu\u00f2 comunicare a propria discrezione sono le lingue ufficiali svizzere.<\/p>\n<p>Salvo regolamentazione complementare relativa ai diritti di firma disposta dal Consiglio, il Presidente e i rappresentanti autorizzati del segretariato hanno diritto di firma collettivo a due.<\/p>\n<h2>ASSEMBLEA DEI SOCI<\/h2>\n<p><strong>Art. 14 Competenze e convocazione<\/strong><br \/>\nL\u2019Assemblea dei soci \u00e8 l\u2019organo supremo dell\u2019associazione che ha i seguenti compiti e poteri:<br \/>\na) approvazione del rapporto annuale;<br \/>\nb) approvazione del rapporto di revisione e approvazione del rendiconto annuale; c) fissazione delle quote sociali;<br \/>\nd) elezione et dimissione del Consiglio, compresa la nomina del presidente e del vicepresidente; e) elezione dell\u2019organo revisione;<br \/>\nf) nomina dei soci onorari;<br \/>\ng) gestione delle istanze del Consiglio e dei soci;<br \/>\nh) deliberazione sui ricorsi contro l\u2019esclusione di soci;<br \/>\ni) revisione degli statuti e liquidazione dell\u2019associazione.<br \/>\nDi norma, l\u2019Assemblea dei soci ha luogo una volta all\u2019anno, possibilmente nel primo semestre.<\/p>\n<h2>CONSIGLIO<\/h2>\n<p><strong>Art. 15 Composizione del Consiglio<\/strong><br \/>\nIl Consiglio si compone da otto a quattordici rappresentanti provenienti dalla cerchia dei soci, inclusi un presidente e un vicepresidente. Almeno un terzo dei soci del Consiglio proviene dalla Svizzera romanda e dalla Svizzera italiana. Il Consiglio si costituisce da s\u00e9.<\/p>\n<p><strong>Art. 16 Compiti e poteri<\/strong><br \/>\nIl Consiglio ha i compiti e i poteri elencati di seguito:<\/p>\n<p>a) nomina e assegnazione di incarichi alle commissioni, comprese la regolamentazione degli indennizzi e delle spese e l\u2019elezione dei suoi membri;<br \/>\nb) approvazione del budget annuale con una maggioranza di due terzi dei voti;<br \/>\nc) approvazione della pianificazione finanziaria;<br \/>\nd) promulgazione di regolamenti e direttive, compreso un regolamento dell\u2019organizzazione;<\/p>\n<p>e) nomina del segretariato, compreso il regolamento sui diritti di firma;<br \/>\nf) rifiuto delle domande di adesione dei soci;<br \/>\ng) preparazione dell\u2019assemblea dei soci;<br \/>\nh) consulenza e deliberazione in merito a procedure di consultazione federali e altre prese di posizione politiche di rilevanza nazionale;<br \/>\ni) trattamento di tutte le operazioni non espressamente assegnate a un altro organo per legge o dagli statuti.<br \/>\nIl Consiglio opera in linea di principio a titolo volontario e ha diritto al rimborso delle spese effettive.<\/p>\n<h2>CONSIGLIO SVIZZERO DELLA COMUNICAZIONE<\/h2>\n<p><strong>Art. 17 Composizione (cancellato)<\/strong><br \/>\n<strong>Art. 18 Compiti e poteri (cancellato)<\/strong><\/p>\n<h2>COMMISSIONI<\/h2>\n<p><strong>Art. 19 Nomina e attivit\u00e0<\/strong><br \/>\nPer gestire gli ambiti di attivit\u00e0 dell\u2019associazione, il Consiglio pu\u00f2 nominare commissioni regionali e tecniche, impartire direttive a tali commissioni cos\u00ec come eleggere i loro presidenti e membri. Le commissioni si costituiscono inoltre da s\u00e9.<\/p>\n<h2>SEGRETARIATO<\/h2>\n<p><strong>Art. 20 Organizzazione e compiti<\/strong><br \/>\nIl segretariato \u00e8 responsabile della gestione e partecipa all\u2019Assemblea dei soci cos\u00ec come alle sedute del Consiglio. Ha diritto a partecipare alle sedute delle commissioni e di altri organi.<\/p>\n<p>La sede del Segretariato \u00e8 Zurigo.<\/p>\n<h2>ORGANO DI CONTROLLO<\/h2>\n<p><strong>Art. 21 Ufficio di revisione<\/strong><br \/>\nL\u2019Assemblea dei soci nomina i revisori dei conti che controllano la contabilit\u00e0. L\u2019Ufficio di revisione riferisce e propone il conto annuale alla direzione, all\u2019attenzione dell\u2019Assemblea dei soci.<\/p>\n<h2>MODIFICA DEGLI STATUTI E LIQUIDAZIONE<\/h2>\n<p><strong>Art. 22 Revisione degli statuti<\/strong><br \/>\nLe modifiche degli statuti devono essere comunicate ai soci insieme all\u2019ordine del giorno. Le modifiche degli statuti sono approvate con la maggioranza di due terzi dei voti espressi.<\/p>\n<p><strong>Art. 23 Scioglimento dell\u2019associazione<\/strong><br \/>\nLo scioglimento dell\u2019associazione pu\u00f2 essere deciso solo da un\u2019Assemblea dei soci appositamente convocata.<br \/>\nPer decidere in merito alla liquidazione \u00e8 necessaria i due terzi dei voti presenti. Lo scioglimento \u00e8 eseguito da liquidatori designati dall\u2019Assemblea dei soci secondo i principi del Codice civile svizzero.<\/p>\n<h2>DISPOSIZIONI FINALI<\/h2>\n<p><strong>Art. 24 Genere<\/strong><br \/>\nQuando negli statuti si utilizza la forma maschile, questa \u00e8 da ritenersi valida anche per le persone di sesso femminile.<\/p>\n<p><strong>Art. 25 Entrata in vigore<\/strong><br \/>\nIl presente statuto \u00e8 stato accettato nell\u2019ambito dell\u2019Assemblea generale del 7 maggio 2021 ed \u00e8 stato modificato come segue:<\/p>\n<p>\u2013 con la delibera dell&#8217;Assemblea generale del 23 maggio 2023;<\/p>\n<p>\u2013 con la delibera dell&#8217;Assemblea generale del 6 maggio 2024 e con l&#8217;approvazione successiva dei membri assenti, in vigore dal 1\u00b0 settembre 2024.[\/vc_column_text][\/vc_column][\/vc_row]<\/p>\n<\/div>","protected":false},"excerpt":{"rendered":"<p>Statuti di KS\/CS Kommunikation Schweiz &#8211; L&#8217;associazione ombrello della pubblicit\u00e0 svizzera<\/p>\n","protected":false},"author":1,"featured_media":0,"parent":917,"menu_order":5,"comment_status":"closed","ping_status":"closed","template":"","meta":{"content-type":"","footnotes":""},"class_list":["post-1155","page","type-page","status-publish","hentry","page_category-chi-siamo"],"yoast_head":"<!-- This site is optimized with the Yoast SEO plugin v27.5 - https:\/\/yoast.com\/product\/yoast-seo-wordpress\/ -->\n<title>Statuti - KS\/CS Comunicazione Svizzera<\/title>\n<meta name=\"robots\" content=\"index, follow, max-snippet:-1, max-image-preview:large, max-video-preview:-1\" \/>\n<link rel=\"canonical\" href=\"https:\/\/ks-cs.ch\/it\/chi-siamo\/statuti\/\" \/>\n<meta property=\"og:locale\" content=\"it_IT\" \/>\n<meta property=\"og:type\" content=\"article\" \/>\n<meta property=\"og:title\" content=\"Statuti - KS\/CS Comunicazione Svizzera\" \/>\n<meta property=\"og:description\" content=\"Statuti di KS\/CS Kommunikation Schweiz - L&#039;associazione ombrello della pubblicit\u00e0 svizzera\" \/>\n<meta property=\"og:url\" content=\"https:\/\/ks-cs.ch\/it\/chi-siamo\/statuti\/\" \/>\n<meta property=\"og:site_name\" content=\"KS\/CS Comunicazione Svizzera\" \/>\n<meta property=\"article:modified_time\" content=\"2024-09-17T12:28:09+00:00\" \/>\n<meta property=\"og:image\" content=\"https:\/\/ks-cs.ch\/wp-content\/uploads\/2022\/11\/Logo.jpeg\" \/>\n\t<meta property=\"og:image:width\" content=\"1200\" \/>\n\t<meta property=\"og:image:height\" content=\"920\" \/>\n\t<meta property=\"og:image:type\" content=\"image\/jpeg\" \/>\n<meta name=\"twitter:card\" content=\"summary_large_image\" \/>\n<meta name=\"twitter:label1\" content=\"Tempo di lettura stimato\" \/>\n\t<meta name=\"twitter:data1\" content=\"11 minuti\" \/>\n<script type=\"application\/ld+json\" class=\"yoast-schema-graph\">{\"@context\":\"https:\\\/\\\/schema.org\",\"@graph\":[{\"@type\":\"WebPage\",\"@id\":\"https:\\\/\\\/ks-cs.ch\\\/it\\\/chi-siamo\\\/statuti\\\/\",\"url\":\"https:\\\/\\\/ks-cs.ch\\\/it\\\/chi-siamo\\\/statuti\\\/\",\"name\":\"Statuti - KS\\\/CS Comunicazione Svizzera\",\"isPartOf\":{\"@id\":\"https:\\\/\\\/ks-cs.ch\\\/it\\\/#website\"},\"datePublished\":\"2022-06-15T15:23:38+00:00\",\"dateModified\":\"2024-09-17T12:28:09+00:00\",\"breadcrumb\":{\"@id\":\"https:\\\/\\\/ks-cs.ch\\\/it\\\/chi-siamo\\\/statuti\\\/#breadcrumb\"},\"inLanguage\":\"it-IT\",\"potentialAction\":[{\"@type\":\"ReadAction\",\"target\":[\"https:\\\/\\\/ks-cs.ch\\\/it\\\/chi-siamo\\\/statuti\\\/\"]}]},{\"@type\":\"BreadcrumbList\",\"@id\":\"https:\\\/\\\/ks-cs.ch\\\/it\\\/chi-siamo\\\/statuti\\\/#breadcrumb\",\"itemListElement\":[{\"@type\":\"ListItem\",\"position\":1,\"name\":\"Home\",\"item\":\"https:\\\/\\\/ks-cs.ch\\\/it\\\/\"},{\"@type\":\"ListItem\",\"position\":2,\"name\":\"Chi siamo\",\"item\":\"https:\\\/\\\/ks-cs.ch\\\/it\\\/chi-siamo\\\/\"},{\"@type\":\"ListItem\",\"position\":3,\"name\":\"Statuti\"}]},{\"@type\":\"WebSite\",\"@id\":\"https:\\\/\\\/ks-cs.ch\\\/it\\\/#website\",\"url\":\"https:\\\/\\\/ks-cs.ch\\\/it\\\/\",\"name\":\"KS\\\/CS Kommunikation Schweiz\",\"description\":\"Associazione di comunicazione commerciale\",\"publisher\":{\"@id\":\"https:\\\/\\\/ks-cs.ch\\\/it\\\/#organization\"},\"potentialAction\":[{\"@type\":\"SearchAction\",\"target\":{\"@type\":\"EntryPoint\",\"urlTemplate\":\"https:\\\/\\\/ks-cs.ch\\\/it\\\/?s={search_term_string}\"},\"query-input\":{\"@type\":\"PropertyValueSpecification\",\"valueRequired\":true,\"valueName\":\"search_term_string\"}}],\"inLanguage\":\"it-IT\"},{\"@type\":\"Organization\",\"@id\":\"https:\\\/\\\/ks-cs.ch\\\/it\\\/#organization\",\"name\":\"KS\\\/CS Kommunikation Schweiz\",\"url\":\"https:\\\/\\\/ks-cs.ch\\\/it\\\/\",\"logo\":{\"@type\":\"ImageObject\",\"inLanguage\":\"it-IT\",\"@id\":\"https:\\\/\\\/ks-cs.ch\\\/it\\\/#\\\/schema\\\/logo\\\/image\\\/\",\"url\":\"https:\\\/\\\/ks-cs.ch\\\/wp-content\\\/uploads\\\/2022\\\/12\\\/Logo-Social-Media-1.jpg\",\"contentUrl\":\"https:\\\/\\\/ks-cs.ch\\\/wp-content\\\/uploads\\\/2022\\\/12\\\/Logo-Social-Media-1.jpg\",\"width\":709,\"height\":608,\"caption\":\"KS\\\/CS Kommunikation Schweiz\"},\"image\":{\"@id\":\"https:\\\/\\\/ks-cs.ch\\\/it\\\/#\\\/schema\\\/logo\\\/image\\\/\"},\"sameAs\":[\"https:\\\/\\\/www.linkedin.com\\\/company\\\/kommunikation-schweiz-communication-suisse-comunicazione-svizzera-communication-switzerland\\\/\"]}]}<\/script>\n<!-- \/ Yoast SEO plugin. -->","yoast_head_json":{"title":"Statuti - KS\/CS Comunicazione Svizzera","robots":{"index":"index","follow":"follow","max-snippet":"max-snippet:-1","max-image-preview":"max-image-preview:large","max-video-preview":"max-video-preview:-1"},"canonical":"https:\/\/ks-cs.ch\/it\/chi-siamo\/statuti\/","og_locale":"it_IT","og_type":"article","og_title":"Statuti - KS\/CS Comunicazione Svizzera","og_description":"Statuti di KS\/CS Kommunikation Schweiz - L'associazione ombrello della pubblicit\u00e0 svizzera","og_url":"https:\/\/ks-cs.ch\/it\/chi-siamo\/statuti\/","og_site_name":"KS\/CS Comunicazione Svizzera","article_modified_time":"2024-09-17T12:28:09+00:00","og_image":[{"width":1200,"height":920,"url":"https:\/\/ks-cs.ch\/wp-content\/uploads\/2022\/11\/Logo.jpeg","type":"image\/jpeg"}],"twitter_card":"summary_large_image","twitter_misc":{"Tempo di lettura stimato":"11 minuti"},"schema":{"@context":"https:\/\/schema.org","@graph":[{"@type":"WebPage","@id":"https:\/\/ks-cs.ch\/it\/chi-siamo\/statuti\/","url":"https:\/\/ks-cs.ch\/it\/chi-siamo\/statuti\/","name":"Statuti - KS\/CS Comunicazione Svizzera","isPartOf":{"@id":"https:\/\/ks-cs.ch\/it\/#website"},"datePublished":"2022-06-15T15:23:38+00:00","dateModified":"2024-09-17T12:28:09+00:00","breadcrumb":{"@id":"https:\/\/ks-cs.ch\/it\/chi-siamo\/statuti\/#breadcrumb"},"inLanguage":"it-IT","potentialAction":[{"@type":"ReadAction","target":["https:\/\/ks-cs.ch\/it\/chi-siamo\/statuti\/"]}]},{"@type":"BreadcrumbList","@id":"https:\/\/ks-cs.ch\/it\/chi-siamo\/statuti\/#breadcrumb","itemListElement":[{"@type":"ListItem","position":1,"name":"Home","item":"https:\/\/ks-cs.ch\/it\/"},{"@type":"ListItem","position":2,"name":"Chi siamo","item":"https:\/\/ks-cs.ch\/it\/chi-siamo\/"},{"@type":"ListItem","position":3,"name":"Statuti"}]},{"@type":"WebSite","@id":"https:\/\/ks-cs.ch\/it\/#website","url":"https:\/\/ks-cs.ch\/it\/","name":"KS\/CS Kommunikation Schweiz","description":"Associazione di comunicazione commerciale","publisher":{"@id":"https:\/\/ks-cs.ch\/it\/#organization"},"potentialAction":[{"@type":"SearchAction","target":{"@type":"EntryPoint","urlTemplate":"https:\/\/ks-cs.ch\/it\/?s={search_term_string}"},"query-input":{"@type":"PropertyValueSpecification","valueRequired":true,"valueName":"search_term_string"}}],"inLanguage":"it-IT"},{"@type":"Organization","@id":"https:\/\/ks-cs.ch\/it\/#organization","name":"KS\/CS Kommunikation Schweiz","url":"https:\/\/ks-cs.ch\/it\/","logo":{"@type":"ImageObject","inLanguage":"it-IT","@id":"https:\/\/ks-cs.ch\/it\/#\/schema\/logo\/image\/","url":"https:\/\/ks-cs.ch\/wp-content\/uploads\/2022\/12\/Logo-Social-Media-1.jpg","contentUrl":"https:\/\/ks-cs.ch\/wp-content\/uploads\/2022\/12\/Logo-Social-Media-1.jpg","width":709,"height":608,"caption":"KS\/CS Kommunikation Schweiz"},"image":{"@id":"https:\/\/ks-cs.ch\/it\/#\/schema\/logo\/image\/"},"sameAs":["https:\/\/www.linkedin.com\/company\/kommunikation-schweiz-communication-suisse-comunicazione-svizzera-communication-switzerland\/"]}]}},"publishpress_future_action":{"enabled":false,"date":"2026-05-07 16:51:42","action":"change-status","newStatus":"draft","terms":[],"taxonomy":"translation_priority","extraData":[]},"publishpress_future_workflow_manual_trigger":{"enabledWorkflows":[]},"_links":{"self":[{"href":"https:\/\/ks-cs.ch\/it\/wp-json\/wp\/v2\/pages\/1155","targetHints":{"allow":["GET"]}}],"collection":[{"href":"https:\/\/ks-cs.ch\/it\/wp-json\/wp\/v2\/pages"}],"about":[{"href":"https:\/\/ks-cs.ch\/it\/wp-json\/wp\/v2\/types\/page"}],"author":[{"embeddable":true,"href":"https:\/\/ks-cs.ch\/it\/wp-json\/wp\/v2\/users\/1"}],"replies":[{"embeddable":true,"href":"https:\/\/ks-cs.ch\/it\/wp-json\/wp\/v2\/comments?post=1155"}],"version-history":[{"count":14,"href":"https:\/\/ks-cs.ch\/it\/wp-json\/wp\/v2\/pages\/1155\/revisions"}],"predecessor-version":[{"id":6318,"href":"https:\/\/ks-cs.ch\/it\/wp-json\/wp\/v2\/pages\/1155\/revisions\/6318"}],"up":[{"embeddable":true,"href":"https:\/\/ks-cs.ch\/it\/wp-json\/wp\/v2\/pages\/917"}],"wp:attachment":[{"href":"https:\/\/ks-cs.ch\/it\/wp-json\/wp\/v2\/media?parent=1155"}],"curies":[{"name":"wp","href":"https:\/\/api.w.org\/{rel}","templated":true}]}}