{"id":939,"date":"2022-05-30T10:57:13","date_gmt":"2022-05-30T08:57:13","guid":{"rendered":"https:\/\/ks-cs.ch\/offre\/examens\/"},"modified":"2026-04-28T09:51:14","modified_gmt":"2026-04-28T07:51:14","slug":"examens","status":"publish","type":"page","link":"https:\/\/ks-cs.ch\/fr\/offre\/examens\/","title":{"rendered":"Examens"},"content":{"rendered":"<div class=\"wpb-content-wrapper\"><p>[vc_row row_height_percent=\u00a0\u00bb0&Prime; override_padding=\u00a0\u00bbyes\u00a0\u00bb h_padding=\u00a0\u00bb2&Prime; top_padding=\u00a0\u00bb3&Prime; bottom_padding=\u00a0\u00bb2&Prime; overlay_alpha=\u00a0\u00bb50&Prime; gutter_size=\u00a0\u00bb3&Prime; column_width_percent=\u00a0\u00bb100&Prime; shift_y=\u00a0\u00bb0&Prime; z_index=\u00a0\u00bb0&Prime; uncode_shortcode_id=\u00a0\u00bb172934&Prime;][vc_column column_width_use_pixel=\u00a0\u00bbyes\u00a0\u00bb gutter_size=\u00a0\u00bb2&Prime; overlay_alpha=\u00a0\u00bb50&Prime; shift_x=\u00a0\u00bb0&Prime; shift_y=\u00a0\u00bb0&Prime; shift_y_down=\u00a0\u00bb0&Prime; z_index=\u00a0\u00bb0&Prime; medium_width=\u00a0\u00bb0&Prime; mobile_width=\u00a0\u00bb0&Prime; width=\u00a0\u00bb1\/1&Prime; uncode_shortcode_id=\u00a0\u00bb104419&Prime; column_width_pixel=\u00a0\u00bb840&Prime;][uncode_breadcrumbs separator=\u00a0\u00bbdash\u00a0\u00bb][vc_custom_heading heading_semantic=\u00a0\u00bbh1&Prime; text_size=\u00a0\u00bbh1&Prime; text_weight=\u00a0\u00bb600&Prime; uncode_shortcode_id=\u00a0\u00bb496467&Prime;]Formation sp\u00e9cialis\u00e9e &#8211; la voie royale vers les m\u00e9tiers de la communication.<\/p>\n<p>[\/vc_custom_heading][vc_column_text uncode_shortcode_id=\u00a0\u00bb267364&Prime;]La voie duale, orient\u00e9e vers la pratique et dot\u00e9e d&rsquo;un solide fondement th\u00e9orique, ouvre les portes \u00e0 un large \u00e9ventail de possibilit\u00e9s d&rsquo;engagement et de d\u00e9veloppement int\u00e9ressantes, stimulantes et cool dans le secteur extr\u00eamement diversifi\u00e9 de la communication.<\/p>\n<p><span data-start=\"118\" data-end=\"167\">Information importante du domaine politique : <\/span>Le Conseil f\u00e9d\u00e9ral proc\u00e8de actuellement \u00e0 la r\u00e9vision de la Loi sur la formation professionnelle (LFPr). Cette r\u00e9vision renforce le syst\u00e8me solide de la formation professionnelle suisse en introduisant pour les titulaires d\u2019un examen professionnel f\u00e9d\u00e9ral les titres additionnels en anglais \u00ab Professional Bachelor \u00bb et \u00ab Professional Master \u00bb. Cette \u00e9volution accro\u00eet l\u2019attrait des titres obtenus par nos sp\u00e9cialistes en communication ainsi que par nos directrices et directeurs de communication, tant au niveau national qu\u2019international. Nous vous tiendrons <a href=\"https:\/\/ks-cs.ch\/fr\/bundesgesetz-ueber-die-berufsbildung-berufsbildungsgesetz-bbg-aenderung\/\" target=\"_blank\" rel=\"noopener\">inform\u00e9s<\/a> jusqu\u2019\u00e0 la mise en \u0153uvre d\u00e9finitive de la loi.<\/p>\n<p>[\/vc_column_text][vc_empty_space empty_h=\u00a0\u00bb1&Prime;][vc_row_inner row_inner_height_percent=\u00a0\u00bb0&Prime; overlay_alpha=\u00a0\u00bb50&Prime; equal_height=\u00a0\u00bbyes\u00a0\u00bb gutter_size=\u00a0\u00bb3&Prime; shift_y=\u00a0\u00bb0&Prime; z_index=\u00a0\u00bb0&Prime; limit_content=\u00a0\u00bb\u00a0\u00bb uncode_shortcode_id=\u00a0\u00bb866661&Prime;][vc_column_inner column_width_percent=\u00a0\u00bb100&Prime; align_horizontal=\u00a0\u00bbalign_center\u00a0\u00bb gutter_size=\u00a0\u00bb2&Prime; style=\u00a0\u00bbdark\u00a0\u00bb back_color=\u00a0\u00bbcolor-210407&Prime; overlay_alpha=\u00a0\u00bb50&Prime; shift_x=\u00a0\u00bb0&Prime; shift_y=\u00a0\u00bb0&Prime; shift_y_down=\u00a0\u00bb0&Prime; z_index=\u00a0\u00bb0&Prime; medium_width=\u00a0\u00bb0&Prime; mobile_width=\u00a0\u00bb0&Prime; radius=\u00a0\u00bblg\u00a0\u00bb width=\u00a0\u00bb1\/2&Prime; uncode_shortcode_id=\u00a0\u00bb199867&Prime; back_color_type=\u00a0\u00bbuncode-palette\u00a0\u00bb link_to=\u00a0\u00bburl:%23kommunikationsfachleute\u00a0\u00bb][vc_custom_heading heading_semantic=\u00a0\u00bbh3&Prime; text_size=\u00a0\u00bbh3&Prime; uncode_shortcode_id=\u00a0\u00bb199733&Prime;]Sp\u00e9cialiste en communication[\/vc_custom_heading][vc_column_text uncode_shortcode_id=\u00a0\u00bb994273&Prime;]Une base solide[\/vc_column_text][\/vc_column_inner][vc_column_inner column_width_percent=\u00a0\u00bb100&Prime; align_horizontal=\u00a0\u00bbalign_center\u00a0\u00bb gutter_size=\u00a0\u00bb2&Prime; style=\u00a0\u00bbdark\u00a0\u00bb back_color=\u00a0\u00bbcolor-210407&Prime; overlay_alpha=\u00a0\u00bb50&Prime; shift_x=\u00a0\u00bb0&Prime; shift_y=\u00a0\u00bb0&Prime; shift_y_down=\u00a0\u00bb0&Prime; z_index=\u00a0\u00bb0&Prime; medium_width=\u00a0\u00bb0&Prime; mobile_width=\u00a0\u00bb0&Prime; radius=\u00a0\u00bblg\u00a0\u00bb width=\u00a0\u00bb1\/2&Prime; uncode_shortcode_id=\u00a0\u00bb155990&Prime; back_color_type=\u00a0\u00bbuncode-palette\u00a0\u00bb link_to=\u00a0\u00bburl:%23kommunikationsleiterin\u00a0\u00bb][vc_custom_heading heading_semantic=\u00a0\u00bbh3&Prime; text_size=\u00a0\u00bbh3&Prime; uncode_shortcode_id=\u00a0\u00bb188473&Prime;]Responsable de la communication[\/vc_custom_heading][vc_column_text uncode_shortcode_id=\u00a0\u00bb825374&Prime;]Les d\u00e9cideurs comp\u00e9tents[\/vc_column_text][\/vc_column_inner][\/vc_row_inner][\/vc_column][\/vc_row][vc_row][vc_column width=\u00a0\u00bb1\/1&Prime;][uncode_block id=\u00a0\u00bb277&Prime;][\/vc_column][\/vc_row][vc_row row_height_percent=\u00a0\u00bb0&Prime; override_padding=\u00a0\u00bbyes\u00a0\u00bb h_padding=\u00a0\u00bb2&Prime; top_padding=\u00a0\u00bb2&Prime; bottom_padding=\u00a0\u00bb3&Prime; overlay_alpha=\u00a0\u00bb50&Prime; gutter_size=\u00a0\u00bb3&Prime; column_width_percent=\u00a0\u00bb100&Prime; shift_y=\u00a0\u00bb0&Prime; z_index=\u00a0\u00bb0&Prime; uncode_shortcode_id=\u00a0\u00bb983892&Prime; row_name=\u00a0\u00bbkommunikationsfachleute\u00a0\u00bb][vc_column column_width_use_pixel=\u00a0\u00bbyes\u00a0\u00bb gutter_size=\u00a0\u00bb2&Prime; overlay_alpha=\u00a0\u00bb50&Prime; shift_x=\u00a0\u00bb0&Prime; shift_y=\u00a0\u00bb0&Prime; shift_y_down=\u00a0\u00bb0&Prime; z_index=\u00a0\u00bb0&Prime; medium_width=\u00a0\u00bb0&Prime; mobile_width=\u00a0\u00bb0&Prime; width=\u00a0\u00bb1\/1&Prime; uncode_shortcode_id=\u00a0\u00bb104419&Prime; column_width_pixel=\u00a0\u00bb840&Prime;][vc_custom_heading text_weight=\u00a0\u00bb600&Prime; uncode_shortcode_id=\u00a0\u00bb269309&Prime;]Examen professionnel f\u00e9d\u00e9ral de sp\u00e9cialiste en communication[\/vc_custom_heading][vc_column_text uncode_shortcode_id=\u00a0\u00bb215126&Prime;]L&rsquo;examen professionnel f\u00e9d\u00e9ral vous ouvre de nouvelles portes dans le secteur de la communication, tant du c\u00f4t\u00e9 des agences que des clients. Vous aurez des responsabilit\u00e9s et devrez planifier et coordonner des mesures vari\u00e9es. Vous dirigez ou soutenez vos \u00e9quipes dans le cadre de briefings et d&rsquo;\u00e9tudes de march\u00e9. Ils sont la plaque tournante pour les cr\u00e9ateurs, les r\u00e9dacteurs, l&rsquo;agence de publicit\u00e9, la production et les m\u00e9dias. Vous participez \u00e0 des \u00e9v\u00e9nements et contr\u00f4lez les d\u00e9lais et les budgets. Les jours se suivent et ne se ressemblent pas. Ce que vous faites devient imm\u00e9diatement visible ou tangible &#8211; dans un journal ou un magazine, \u00e0 la t\u00e9l\u00e9vision ou au cin\u00e9ma, sur un site d&rsquo;affichage, dans un point de vente ou sur Internet.[\/vc_column_text][vc_accordion sign=\u00a0\u00bbplus\u00a0\u00bb active_tab=\u00a0\u00bb-1&Prime;][vc_accordion_tab gutter_size=\u00a0\u00bb2&Prime; column_padding=\u00a0\u00bb2&Prime; title=\u00a0\u00bbProchain examen\u00a0\u00bb tab_id=\u00a0\u00bb1654403325810-3-6&Prime; slug=\u00a0\u00bbfour\u00a0\u00bb][vc_column_text uncode_shortcode_id=\u00a0\u00bb112707&Prime;]<\/p>\n<p class=\"\" data-start=\"503\" data-end=\"529\"><strong data-start=\"503\" data-end=\"529\">Dates des examens 2027<\/strong><\/p>\n<p class=\"\" data-start=\"531\" data-end=\"648\"><strong data-start=\"531\" data-end=\"547\">Examen \u00e9crit<\/strong><br data-start=\"547\" data-end=\"550\" \/>Dates : les dates pr\u00e9cises suivront.<br data-start=\"596\" data-end=\"599\" \/>Lieu : Volkshaus, Aarbergstrasse 112, 2502 Bienne<\/p>\n<p class=\"\" data-start=\"650\" data-end=\"767\"><strong data-start=\"650\" data-end=\"665\">Examen oral<\/strong><br data-start=\"665\" data-end=\"668\" \/>Dates : les dates pr\u00e9cises suivront.<br data-start=\"716\" data-end=\"719\" \/>Lieu : BBZ Bienne, Wasenstrasse 5, 2500 Bienne<\/p>\n<p class=\"p2\"><b><\/b><span style=\"font-family: -apple-system, BlinkMacSystemFont, 'Segoe UI', Roboto, Oxygen-Sans, Ubuntu, Cantarell, 'Helvetica Neue', sans-serif;\">La date de r\u00e9f\u00e9rence pour le calcul de l&rsquo;exp\u00e9rience pratique est mars 2027.<\/span><b><br \/>\n<\/b><\/p>\n<p>Les plans d\u00e9taill\u00e9s des examens ainsi que tous les documents n\u00e9cessaires seront envoy\u00e9s \u00e0 toutes les personnes admises au plus tard 30 jours avant l&rsquo;examen \u00e9crit et 20 jours avant l&rsquo;examen oral.<\/p>\n<p>[\/vc_column_text][\/vc_accordion_tab][vc_accordion_tab gutter_size=\u00a0\u00bb2&Prime; column_padding=\u00a0\u00bb2&Prime; title=\u00a0\u00bbInscription\u00a0\u00bb tab_id=\u00a0\u00bb1654403205-1-87&Prime; slug=\u00a0\u00bbone\u00a0\u00bb][vc_column_text uncode_shortcode_id=\u00a0\u00bb186088&Prime;]<\/p>\n<p class=\"p1\"><span class=\"s1\"><br \/>\n<a href=\"https:\/\/ks-cs.ch\/wp-content\/uploads\/2025\/07\/KFL_2026_Anmeldung_beschreib_PDF_FR.pdf\" target=\"_blank\" rel=\"noopener\">Formulaire d&rsquo;inscription <\/a>\u00a0<\/span><\/p>\n<p class=\"p1\">(les documents remplis \u00e0 la main ne sont pas accept\u00e9s. Toutes les pi\u00e8ces jointes, par exemple le CV, les certificats, les attestations de travail, etc., doivent \u00eatre envoy\u00e9es dans l&rsquo;ordre indiqu\u00e9 dans le formulaire sous la forme d&rsquo;un seul PDF avec le formulaire d&rsquo;inscription, ne d\u00e9passant pas 10 MB).<\/p>\n<p>Le formulaire d\u00fbment compl\u00e9t\u00e9 \u2013 y compris la photo passeport sur la premi\u00e8re page, la copie d\u2019une pi\u00e8ce d\u2019identit\u00e9 et la signature \u2013 doit \u00eatre envoy\u00e9 par e-mail \u00e0 l\u2019adresse suivante : <strong data-start=\"527\" data-end=\"550\"><a class=\"decorated-link cursor-pointer\" rel=\"noopener\" data-start=\"529\" data-end=\"548\">pruefungen@ks-cs.ch<\/a><\/strong><\/p>\n<p class=\"p1\"><b>Date limite d&rsquo;inscription pour les examens 2027: 31 octobre 2026<\/b><\/p>\n<p>SEFRI <a href=\"https:\/\/ks-cs.ch\/wp-content\/uploads\/2023\/07\/Merkblatt_Nachteilsausgleich_fr.pdf\" target=\"_blank\" rel=\"noopener\">Notice compensation des in\u00e9galit\u00e9s<\/a>[\/vc_column_text][\/vc_accordion_tab][vc_accordion_tab gutter_size=\u00a0\u00bb2&Prime; column_padding=\u00a0\u00bb2&Prime; title=\u00a0\u00bbR\u00e8glement, directives, taxes et d\u00e9cision pr\u00e9avis\u00a0\u00bb tab_id=\u00a0\u00bb1654403313152-2-6&Prime; slug=\u00a0\u00bbthree\u00a0\u00bb][vc_column_text uncode_shortcode_id=\u00a0\u00bb101077&Prime;]<\/p>\n<p class=\"p2\"><b>Admission<br \/>\n<\/b><a href=\"https:\/\/ks-cs.ch\/wp-content\/uploads\/2023\/01\/KFL_Zulassungsbedienungen_fr.pdf\" target=\"_blank\" rel=\"noopener\">Ouvrir les conditions d&rsquo;admission<\/a><\/p>\n<p class=\"p2\"><b>Taxes<br \/>\n<\/b><span class=\"s1\"><a href=\"https:\/\/ks-cs.ch\/wp-content\/uploads\/2023\/01\/KFL_Gebuehrenordnung_2024-fr.pdf\" target=\"_blank\" rel=\"noopener\">Ouvrir le r\u00e8glement des taxes<\/a><\/span><\/p>\n<p>Coordonn\u00e9es bancaires :<br \/>\nBanque Avera Coop\u00e9rative<br \/>\nKS\/CS Kommunikation Schweiz<br \/>\nIBAN CH53 0685 0610 6798 9512 6<\/p>\n<p class=\"p2\"><b><strong>Demande de p<\/strong>r\u00e9avis<br \/>\n<\/b><\/p>\n<p><strong>Formulaire de demande<\/strong><\/p>\n<ul>\n<li>Le <a href=\"https:\/\/ks-cs.ch\/wp-content\/uploads\/2026\/01\/KFL_Gesuch_Vorbescheid_Version_2025_ausfullbares_pdf_fr.pdf\" target=\"_blank\" rel=\"noopener\">formulaire de demande<\/a> doit \u00eatre rempli enti\u00e8rement en ligne -&gt; les documents remplis \u00e0 la main ne peuvent malheureusement pas \u00eatre accept\u00e9s.<\/li>\n<\/ul>\n<p><strong>Dossier de demande (PDF)<\/strong><\/p>\n<ul>\n<li>Le dossier de demande complet doit \u00eatre soumis sous la forme d&rsquo;un seul fichier PDF.<\/li>\n<li>Toutes les annexes (p. ex. CV, dipl\u00f4mes, attestations de travail) doivent \u00eatre incluses dans le m\u00eame fichier PDF, dans l&rsquo;ordre indiqu\u00e9 dans le formulaire.<\/li>\n<li>Taille maximale du fichier : 10 Mo.<\/li>\n<\/ul>\n<p><b>Tableau Excel<\/b><\/p>\n<ul>\n<li>Le <a href=\"https:\/\/ks-cs.ch\/wp-content\/uploads\/2026\/01\/KFL_Berufserfahrung_Berechnung_FR.xlsx\" target=\"_blank\" rel=\"noopener\">tableau Excel<\/a> s\u00e9par\u00e9 doit \u00eatre rempli dans son int\u00e9gralit\u00e9.<\/li>\n<li>Il doit \u00eatre soumis sous forme de fichier s\u00e9par\u00e9 au format Excel.<\/li>\n<\/ul>\n<p><strong>Frais<\/strong><\/p>\n<ul>\n<li>La preuve du paiement des frais de 150 CHF doit \u00eatre jointe \u00e0 la demande<b>.<\/b><\/li>\n<li>Les frais doivent \u00eatre vers\u00e9s directement sur le compte de la Banque Avera Coop\u00e9rative, KS\/CS Kommunikation Schweiz<\/li>\n<li>IBAN CH53 0685 0610 6798 9512 6 <b>&#8211;<\/b>&gt; aucun bulletin de versement ne sera envoy\u00e9.<\/li>\n<\/ul>\n<p>Les demandes incompl\u00e8tes, mal format\u00e9es ou ne r\u00e9pondant pas aux exigences e pourront pas \u00eatre prises en consid\u00e9ration.<\/p>\n<p class=\"p2\"><b>R\u00e8glement d&rsquo;examen et guide d&rsquo;examen <\/b><\/p>\n<ul>\n<li class=\"p2\"><span class=\"s1\"><a href=\"https:\/\/ks-cs.ch\/wp-content\/uploads\/2023\/01\/20180619_PO_BP_Kommunikationsfachleute_fr_sig.pdf\" target=\"_blank\" rel=\"noopener\">R\u00e8glement d&rsquo;examen pour les sp\u00e9cialistes de la communication \u00e0 partir de 2018<\/a><\/span><\/li>\n<li class=\"p2\"><a href=\"https:\/\/ks-cs.ch\/wp-content\/uploads\/2023\/01\/Wegleitung_FR_2018.pdf\" target=\"_blank\" rel=\"noopener\"><span class=\"s1\">Directives du sp\u00e9cialiste en communication \u00e0 partir de 2018<\/span><\/a><\/li>\n<\/ul>\n<p>[\/vc_column_text][\/vc_accordion_tab][vc_accordion_tab gutter_size=\u00a0\u00bb2&Prime; column_padding=\u00a0\u00bb2&Prime; title=\u00a0\u00bbEVENTS\u00a0\u00bb tab_id=\u00a0\u00bb1654403205-2-36&Prime; slug=\u00a0\u00bbtwo\u00a0\u00bb][vc_column_text uncode_shortcode_id=\u00a0\u00bb181461&Prime;]<\/p>\n<p data-start=\"72\" data-end=\"178\"><strong data-start=\"72\" data-end=\"178\">Table ronde sur la r\u00e9forme du r\u00e8glement d\u2019examen pour les sp\u00e9cialistes en communication<\/strong><\/p>\n<p data-start=\"233\" data-end=\"507\">Dans le cadre du projet de r\u00e9forme du r\u00e8glement d\u2019examen, la Commission r\u00e9gionale de Suisse al\u00e9manique organise, en collaboration avec la Commission d\u2019examen de KS\/CS et des acteurs cl\u00e9s du march\u00e9 \u2013 agences, annonceurs, prestataires m\u00e9dias et associations \u2013 une table ronde. L\u2019objectif de cet \u00e9change est de recueillir les principaux retours issus de la pratique et de les int\u00e9grer dans le nouveau r\u00e8glement d\u2019examen. Il s\u2019agit ainsi de garantir que l\u2019examen reste attractif et r\u00e9ponde aux exigences \u00e9lev\u00e9es du march\u00e9 de la communication.<\/p>\n<p><strong>13 juin 2025 \u2013 Table ronde en Suisse al\u00e9manique \u00e0 Zurich<\/strong><br data-start=\"137\" data-end=\"140\" \/><strong>23 septembre 2025 \u2013 Table ronde en Romandie \u00e0 Lausanne<br \/>\n13 octobre 2025 \u2013 Table ronde tessinoise \u00e0 Bellinzone<\/strong><\/p>\n<p>&nbsp;<\/p>\n<p data-start=\"774\" data-end=\"935\" data-is-last-node=\"\" data-is-only-node=\"\"><strong data-start=\"59\" data-end=\"110\">27 ao\u00fbt 2026 \u2013 C\u00e9r\u00e9monie de remise des dipl\u00f4mes<\/strong><br data-start=\"110\" data-end=\"113\" \/>La c\u00e9r\u00e9monie de remise des dipl\u00f4mes aura lieu <strong data-start=\"159\" data-end=\"192\" data-is-only-node=\"\">le jeudi 27 ao\u00fbt 2026 \u00e0 17h30<\/strong>.<br data-start=\"193\" data-end=\"196\" \/><strong data-start=\"196\" data-end=\"204\">Lieu<\/strong> : Farelhaus, Oberer Quai 12, 2502 Bienne.<\/p>\n<p>[\/vc_column_text][\/vc_accordion_tab][vc_accordion_tab gutter_size=\u00a0\u00bb2&Prime; column_padding=\u00a0\u00bb2&Prime; title=\u00a0\u00bbSEFRI &#8211; participation aux frais et r\u00e9glementations\u00a0\u00bb tab_id=\u00a0\u00bb1654403205-2-36&Prime; slug=\u00a0\u00bbtwo\u00a0\u00bb][vc_column_text uncode_shortcode_id=\u00a0\u00bb181461&Prime;]La Conf\u00e9d\u00e9ration, repr\u00e9sent\u00e9e par le Secr\u00e9tariat d&rsquo;\u00c9tat \u00e0 la formation, \u00e0 la recherche et \u00e0 l&rsquo;innovation (SEFRI), participe directement \u00e0 vos frais de formation. Si vous suivez un cours pour vous pr\u00e9parer \u00e0 un examen f\u00e9d\u00e9ral, vous recevrez un remboursement de 50 % des frais de cours imputables. Il faut toutefois que vous passiez effectivement l&rsquo;examen. Pour les examens professionnels f\u00e9d\u00e9raux, la garantie de prise en charge des frais s&rsquo;\u00e9l\u00e8ve au maximum \u00e0 9&rsquo;500 CHF, pour les examens professionnels sup\u00e9rieurs \u00e0 10&rsquo;500 CHF. Vous pouvez obtenir des contributions de soutien de mani\u00e8re simple et pratique sur le site Internet du Secr\u00e9tariat d&rsquo;Etat \u00e0 la formation, \u00e0 la recherche et \u00e0 l&rsquo;innovation (SEFRI) comp\u00e9tent sous<a href=\"https:\/\/www.sbfi.admin.ch\/sbfi\/de\/home\/bildung\/hbb\/finanzierung.html#1064488272\" target=\"_blank\" rel=\"noopener\"> <span class=\"s1\">\u00ab\u00a0Subventions f\u00e9d\u00e9rales pour les cours pr\u00e9parant aux examens f\u00e9d\u00e9raux\u00a0\u00bb. <\/span><\/a>faire une demande.<\/p>\n<p>Vous ne serez pas rembours\u00e9 pour les frais d&rsquo;examen eux-m\u00eames, qui s&rsquo;\u00e9l\u00e8vent entre 2&rsquo;150 CHF (sp\u00e9cialistes de la communication) et 3&rsquo;390 CHF (responsable de la communication). Ils en profitent toutefois indirectement, puisqu&rsquo;ils sont subventionn\u00e9s \u00e0 hauteur de 60 \u00e0 80% par la Conf\u00e9d\u00e9ration.<\/p>\n<p>&nbsp;<\/p>\n<p class=\"p1\"><a href=\"https:\/\/ks-cs.ch\/wp-content\/uploads\/2024\/05\/SBFI_240425-Erhoehung-Kostenvorschuss-BP-HFP-2024_fr.pdf\" target=\"_blank\" rel=\"noopener\">SEFRI &#8211; Augmentation des avances de frais dans le cadre des proc\u00e9dures de recours<\/a><\/p>\n<p><a href=\"https:\/\/www.sbfi.admin.ch\/sbfi\/fr\/home\/formation\/fpc\/fps\/examens-federaux\/associations-de-branches\/organisation_examens_federaux.html\" target=\"_blank\" rel=\"noopener\">SEFRI &#8211; Diverses notices, y compris la compensation des in\u00e9galit\u00e9s frappant les personnes handicap\u00e9es, l&rsquo;acc\u00e8s au dossier, etc.<\/a>[\/vc_column_text][\/vc_accordion_tab][vc_accordion_tab gutter_size=\u00a0\u00bb2&Prime; column_padding=\u00a0\u00bb2&Prime; title=\u00a0\u00bbCours de pr\u00e9paration et centre de formation\u00a0\u00bb tab_id=\u00a0\u00bb1203cd92-c32b-2&Prime;][vc_column_text uncode_shortcode_id=\u00a0\u00bb112298&Prime;]<\/p>\n<p class=\"p1\"><strong>Cours de pr\u00e9paration<\/strong><br \/>\nDiff\u00e9rentes \u00e9coles et instituts de formation proposent des cours dans ce domaine.<\/p>\n<p><strong>Centre de formation<\/strong><\/p>\n<ul>\n<li><a href=\"https:\/\/www.creageneve.com\/brevet-federal\/specialiste-communication\/\" target=\"_blank\" rel=\"noopener\">CREA<\/a><\/li>\n<li><a href=\"http:\/\/www.digitalstrategiesacademy.ch\" target=\"_blank\" rel=\"noopener\">DigitalStrategies Academy Tesserete<\/a><\/li>\n<li><a href=\"http:\/\/www.get.ch\" target=\"_blank\" rel=\"noopener\">GET \u00c9cole de marketing et de cadres<\/a><\/li>\n<li><a href=\"https:\/\/sawi.com\/de\/kurs\/kommunikationsfachleute\/\" target=\"_blank\" rel=\"noopener\">SAWI Suisse all\u00e9manique<\/a><\/li>\n<li><a href=\"https:\/\/sawi.com\/cours\/specialiste-en-communication-sawi-et-preparation-au-brevet-federal\/\" target=\"_blank\" rel=\"noopener\">SAWI Romandie<\/a><\/li>\n<li><a href=\"https:\/\/kairos-academy.ch\/fr\/specialistes-en-communication-avec-brevet-federal\/\" target=\"_blank\" rel=\"noopener\">Kairos Academy<\/a><\/li>\n<li><a href=\"http:\/\/www.sms-edu.ch\" target=\"_blank\" rel=\"noopener\">SMSchool sagl Breganzona<\/a><\/li>\n<li><a href=\"http:\/\/www.swissmarketingacademy.ch\" target=\"_blank\" rel=\"noopener\">swiss marketing academy<\/a><\/li>\n<li><a href=\"https:\/\/www.wirtschaftsschule-five.ch\/weiterbildung\/kommunikationsfachleute\/\" target=\"_blank\" rel=\"noopener\">Wirtschaftsschule Five<\/a><\/li>\n<\/ul>\n<p>[\/vc_column_text][\/vc_accordion_tab][vc_accordion_tab gutter_size=\u00a0\u00bb2&Prime; column_padding=\u00a0\u00bb2&Prime; title=\u00a0\u00bbAnnonce des notes, c\u00e9r\u00e9monie de remise des dipl\u00f4mes et suppl\u00e9ments au dipl\u00f4me\u00a0\u00bb tab_id=\u00a0\u00bb310ee52e-5036-7&Prime;][vc_column_text uncode_shortcode_id=\u00a0\u00bb774673&Prime;]<\/p>\n<p class=\"p1\"><b>Annonce des notes<\/b><br \/>\nLes r\u00e9sultats de l&rsquo;examen seront publi\u00e9s au cours de la semaine 22.<\/p>\n<p class=\"p1\"><b>C\u00e9r\u00e9monie de remise des dipl\u00f4mes<\/b><br \/>\nLa c\u00e9r\u00e9monie de remise des dipl\u00f4mes aura lieu le jeudi, 28 ao\u00fbt 2025 \u00e0 17h30 \u00e0 Bienne.<\/p>\n<p><b>Suppl\u00e9ments au dipl\u00f4me<br \/>\n<\/b><span style=\"font-weight: 400;\">Depuis 2020, tous les candidats qui ont r\u00e9ussi l&rsquo;examen professionnel de sp\u00e9cialiste en communication re\u00e7oivent automatiquement un suppl\u00e9ment au dipl\u00f4me en m\u00eame temps que leur brevet. Le suppl\u00e9ment au dipl\u00f4me donne des informations d\u00e9taill\u00e9es sur les aptitudes et les comp\u00e9tences professionnelles des dipl\u00f4m\u00e9s et permet une meilleure comparaison avec d&rsquo;autres dipl\u00f4mes, y compris au niveau international. Les suppl\u00e9ments au dipl\u00f4me de sp\u00e9cialiste en communication indiquent le <\/span><a href=\"https:\/\/www.sbfi.admin.ch\/sbfi\/de\/home\/bildung\/mobilitaet\/nqr\/niveaus.html\"><br \/>\n<span style=\"font-weight: 400;\">Niveau 5 du CNC<\/span><br \/>\n<\/a><span style=\"font-weight: 400;\">. <\/span><\/p>\n<p><span style=\"font-weight: 400;\">Nous sommes fiers de pouvoir offrir ce document important \u00e0 nos participants aux examens. Gr\u00e2ce \u00e0 ce suppl\u00e9ment au dipl\u00f4me, les laur\u00e9ats b\u00e9n\u00e9ficient des avantages suivants : <\/span><\/p>\n<ul>\n<li style=\"font-weight: 400;\" aria-level=\"1\"><span style=\"font-weight: 400;\">Am\u00e9liorer la transparence, l&rsquo;intelligibilit\u00e9 et la comparabilit\u00e9 des dipl\u00f4mes suisses de la formation professionnelle initiale et de la formation professionnelle sup\u00e9rieure au niveau national et international ;<\/span><\/li>\n<li style=\"font-weight: 400;\" aria-level=\"1\"><span style=\"font-weight: 400;\">Reconnaissance de la grande valeur de la formation professionnelle suisse ;<\/span><\/li>\n<li style=\"font-weight: 400;\" aria-level=\"1\"><span style=\"font-weight: 400;\">Renforcer la reconnaissance internationale de la formation professionnelle sup\u00e9rieure ;<\/span><\/li>\n<li style=\"font-weight: 400;\" aria-level=\"1\"><span style=\"font-weight: 400;\">Promouvoir la reconnaissance sociale et la valorisation de l&rsquo;EFP par rapport aux dipl\u00f4mes universitaires ;<\/span><\/li>\n<li style=\"font-weight: 400;\" aria-level=\"1\"><span style=\"font-weight: 400;\">Augmenter la mobilit\u00e9 des sp\u00e9cialistes et des cadres en am\u00e9liorant les chances des sp\u00e9cialistes et des cadres form\u00e9s en Suisse de trouver un emploi \u00e0 l&rsquo;\u00e9tranger et dans des entreprises \u00e9trang\u00e8res en Suisse.<\/span><\/li>\n<\/ul>\n<p><span style=\"font-weight: 400;\">Vous trouverez des informations d\u00e9taill\u00e9es sur les suppl\u00e9ments au dipl\u00f4me sur les pages du SBFI : <\/span><\/p>\n<ul>\n<li><span style=\"font-weight: 400;\">R\u00e9pertoire des professions <\/span><a href=\"https:\/\/www.becc.admin.ch\/becc\/public\/bvz\/beruf\/diplomzusaetzeBpHfp\"><br \/>\n<span style=\"font-weight: 400;\">Suppl\u00e9ment au dipl\u00f4me<\/span><br \/>\n<\/a><\/li>\n<li><span style=\"font-weight: 400;\">Informations g\u00e9n\u00e9rales sur les <\/span><a href=\"https:\/\/www.sbfi.admin.ch\/sbfi\/de\/home\/bildung\/mobilitaet\/nqr\/diplomzusaetze.html\"><br \/>\n<span style=\"font-weight: 400;\">Suppl\u00e9ments au dipl\u00f4me<\/span><br \/>\n<\/a><\/li>\n<li><span style=\"font-weight: 400;\">Informations sur le <\/span><a href=\"https:\/\/www.sbfi.admin.ch\/sbfi\/de\/home\/bildung\/mobilitaet\/nqr.html\"><br \/>\n<span style=\"font-weight: 400;\">NQR<\/span><br \/>\n<\/a><\/li>\n<\/ul>\n<p><span style=\"font-weight: 400;\">Voici les exemples de suppl\u00e9ment au dipl\u00f4me en<\/span><a href=\"https:\/\/www.becc.admin.ch\/becc\/public\/bvz\/beruf\/downloadDiplomzusatzZeugniserlaeuterungDokument\/11712\"><span style=\"font-weight: 400;\">allemand<\/span><\/a><span style=\"font-weight: 400;\">,<\/span><a href=\"https:\/\/www.becc.admin.ch\/becc\/public\/bvz\/beruf\/downloadDiplomzusatzZeugniserlaeuterungDokument\/11713\"><span style=\"font-weight: 400;\">fran\u00e7ais,<\/span><\/a><span style=\"font-weight: 400;\">,<\/span><a href=\"https:\/\/www.becc.admin.ch\/becc\/public\/bvz\/beruf\/downloadDiplomzusatzZeugniserlaeuterungDokument\/11714\"><span style=\"font-weight: 400;\">italien<\/span><\/a><span style=\"font-weight: 400;\">et<\/span><a href=\"https:\/\/www.becc.admin.ch\/becc\/public\/bvz\/beruf\/downloadDiplomzusatzZeugniserlaeuterungDokument\/11715\"><span style=\"font-weight: 400;\">anglais<\/span><\/a><span style=\"font-weight: 400;\">pour les professionnels de la communication.<\/span>[\/vc_column_text][\/vc_accordion_tab][vc_accordion_tab gutter_size=\u00a0\u00bb2&Prime; column_padding=\u00a0\u00bb2&Prime; title=\u00a0\u00bbHistorique des titres\u00a0\u00bb tab_id=\u00a0\u00bb1705394745562-7-6&Prime;][vc_column_text uncode_shortcode_id=\u00a0\u00bb122280&Prime;]<strong>Actuel :<br \/>\n<\/strong>\u00e0 partir de 2018 Sp\u00e9cialiste en communication avec brevet f\u00e9d\u00e9ral<\/p>\n<p><strong>Avant :<br \/>\n<\/strong>2016 &#8211; 2018 \u00a0\u00a0\u00a0\u00a0\u00a0\u00a0\u00a0 Planificateur\/planificatrice en communication avec brevet f\u00e9d\u00e9ral<\/p>\n<p>2000 &#8211; 2016 \u00a0\u00a0\u00a0\u00a0\u00a0\u00a0\u00a0 Planificateur\/planificatrice en communication marketing avec brevet f\u00e9d\u00e9ral<\/p>\n<p>1987 &#8211; 2000 \u00a0\u00a0\u00a0\u00a0\u00a0\u00a0\u00a0 Assistant\/e en publicit\u00e9 avec brevet f\u00e9d\u00e9ral[\/vc_column_text][\/vc_accordion_tab][vc_accordion_tab gutter_size=\u00a0\u00bb2&Prime; column_padding=\u00a0\u00bb2&Prime; title=\u00a0\u00bbContact\u00a0\u00bb tab_id=\u00a0\u00bb41c9867a-7b73-7&Prime;][vc_column_text uncode_shortcode_id=\u00a0\u00bb204142&Prime;]<\/p>\n<p class=\"p1\">Secr\u00e9tariat d&rsquo;examen KS\/CS Communication Suisse<br \/>\nIn der Breiti 2, 8047\u00a0Zurich<\/p>\n<p class=\"p1\">T\u00e9l. <a href=\"tel:+41442112324\">+41 44 211 23 24<\/a><br \/>\nCourrier \u00e9lectronique <a href=\"mailto:pruefungen@ks-cs.ch\">pruefungen@ks-cs.ch<\/a>[\/vc_column_text][\/vc_accordion_tab][vc_accordion_tab gutter_size=\u00a0\u00bb2&Prime; column_padding=\u00a0\u00bb2&Prime; title=\u00a0\u00bbPolitique de confidentialit\u00e9\u00a0\u00bb tab_id=\u00a0\u00bb1717569853877-8-7&Prime;][vc_column_text uncode_shortcode_id=\u00a0\u00bb723102&Prime;]<a href=\"https:\/\/ks-cs.ch\/wp-content\/uploads\/2024\/06\/PK-Datenschutzerklaerung-Kommunikationsfachleute_FR.pdf\" target=\"_blank\" rel=\"noopener\">Politique de confidentialit\u00e9<\/a>[\/vc_column_text][\/vc_accordion_tab][\/vc_accordion][\/vc_column][\/vc_row][vc_row row_height_percent=\u00a0\u00bb0&Prime; override_padding=\u00a0\u00bbyes\u00a0\u00bb h_padding=\u00a0\u00bb2&Prime; top_padding=\u00a0\u00bb2&Prime; bottom_padding=\u00a0\u00bb3&Prime; overlay_alpha=\u00a0\u00bb50&Prime; gutter_size=\u00a0\u00bb3&Prime; column_width_percent=\u00a0\u00bb100&Prime; shift_y=\u00a0\u00bb0&Prime; z_index=\u00a0\u00bb0&Prime; uncode_shortcode_id=\u00a0\u00bb369286&Prime; row_name=\u00a0\u00bbkommunikationsleiterin\u00a0\u00bb][vc_column column_width_use_pixel=\u00a0\u00bbyes\u00a0\u00bb gutter_size=\u00a0\u00bb2&Prime; overlay_alpha=\u00a0\u00bb50&Prime; shift_x=\u00a0\u00bb0&Prime; shift_y=\u00a0\u00bb0&Prime; shift_y_down=\u00a0\u00bb0&Prime; z_index=\u00a0\u00bb0&Prime; medium_width=\u00a0\u00bb0&Prime; mobile_width=\u00a0\u00bb0&Prime; width=\u00a0\u00bb1\/1&Prime; uncode_shortcode_id=\u00a0\u00bb104419&Prime; column_width_pixel=\u00a0\u00bb840&Prime;][vc_custom_heading text_weight=\u00a0\u00bb600&Prime; uncode_shortcode_id=\u00a0\u00bb138991&Prime;]Examen professionnel sup\u00e9rieur de Responsable de la communication[\/vc_custom_heading][vc_column_text uncode_shortcode_id=\u00a0\u00bb357421&Prime;]En tant que responsable de la communication, vous \u00eates au centre de l&rsquo;attention, tant du c\u00f4t\u00e9 de l&rsquo;agence que du c\u00f4t\u00e9 du client. Qu&rsquo;il s&rsquo;agisse de la mise en place, de la planification et de la r\u00e9alisation d&rsquo;une nouvelle strat\u00e9gie de communication ou de la mise en \u0153uvre durable et du d\u00e9veloppement d&rsquo;une campagne existante. Ce dipl\u00f4me, alliant les comp\u00e9tences de la communication institutionnelle et commerciale, est une mise en \u0153uvre commune de<a href=\"https:\/\/pr-ex.ch\/fr\/KommLeiterInnen\" target=\"_blank\" rel=\"noopener\"> pr suisse<\/a> et de KS\/CS Communication Suisse.[\/vc_column_text][vc_custom_heading heading_semantic=\u00a0\u00bbh3&Prime; text_size=\u00a0\u00bbh3&Prime; text_weight=\u00a0\u00bb600&Prime; uncode_shortcode_id=\u00a0\u00bb191048&Prime;]<strong>Des formations continues approfondies pour les professionnels de la communication.<\/strong>[\/vc_custom_heading][vc_column_text uncode_shortcode_id=\u00a0\u00bb934302&Prime;]En obtenant un dipl\u00f4me f\u00e9d\u00e9ral, vous d\u00e9montrez votre capacit\u00e9 \u00e0 g\u00e9rer de mani\u00e8re pratique, cibl\u00e9e et efficace les strat\u00e9gies de communication, ainsi qu&rsquo;\u00e0 les mettre en \u0153uvre de mani\u00e8re professionnelle et fiable en collaboration avec des partenaires de march\u00e9 pertinents.[\/vc_column_text][vc_accordion sign=\u00a0\u00bbplus\u00a0\u00bb active_tab=\u00a0\u00bb-1&Prime;][vc_accordion_tab gutter_size=\u00a0\u00bb2&Prime; column_padding=\u00a0\u00bb2&Prime; title=\u00a0\u00bbProchain examen\u00a0\u00bb tab_id=\u00a0\u00bb076301e2-6a22-7&Prime;][vc_column_text uncode_shortcode_id=\u00a0\u00bb127442&Prime;]<\/p>\n<p class=\"p1\"><strong>Examen \u00e9crit :<\/strong><br \/>\nEn 2027, les dates pr\u00e9cises suivront.<\/p>\n<p><strong>Examen oral :<\/strong><br \/>\nEn 2027, les dates pr\u00e9cises suivront.<\/p>\n<p><strong>D\u00e9lai de remise du travail de dipl\u00f4me :<\/strong><br \/>\nLes dates pr\u00e9cises suivront.<\/p>\n<p class=\"p3\">Les plans d&rsquo;examen d\u00e9taill\u00e9s ainsi que tous les documents n\u00e9cessaires sont envoy\u00e9s \u00e0 tous les candidats admis \u00e0 l&rsquo;examen au plus tard 30 jours avant l&rsquo;examen.<\/p>\n<p>[\/vc_column_text][\/vc_accordion_tab][vc_accordion_tab gutter_size=\u00a0\u00bb2&Prime; column_padding=\u00a0\u00bb2&Prime; title=\u00a0\u00bbInscription\u00a0\u00bb tab_id=\u00a0\u00bb6d8c0b30-2952-4&Prime;][vc_column_text uncode_shortcode_id=\u00a0\u00bb209986&Prime;]<\/p>\n<p class=\"p1\"><a href=\"https:\/\/ks-cs.ch\/wp-content\/uploads\/2026\/02\/KL2026_Anmeldung_beschreibbar_FR_-Vers2.pdf\" target=\"_blank\" rel=\"noopener\">Formulaire d&rsquo;inscription 2026<\/a> (les documents remplis \u00e0 la main ne sont pas accept\u00e9s. Toutes les pi\u00e8ces jointes (CV, certificats, attestations de travail, etc.) doivent \u00eatre envoy\u00e9es dans l&rsquo;ordre indiqu\u00e9 dans le formulaire sous forme de fichier PDF unique avec le formulaire d&rsquo;inscription, ne d\u00e9passant pas 10 MB).<\/p>\n<p class=\"p1\"><b>Date limite d&rsquo;inscription : les dates pr\u00e9cises suivront.<\/b><\/p>\n<p>[\/vc_column_text][\/vc_accordion_tab][vc_accordion_tab gutter_size=\u00a0\u00bb2&Prime; column_padding=\u00a0\u00bb2&Prime; title=\u00a0\u00bbConditions pr\u00e9alables\u00a0\u00bb tab_id=\u00a0\u00bb1662640041-2-56&Prime;][vc_column_text uncode_shortcode_id=\u00a0\u00bb134970&Prime;]<\/p>\n<p class=\"p1\">Qui a des exigences \u00e9lev\u00e9es doit aussi pouvoir satisfaire des exigences \u00e9lev\u00e9es. C&rsquo;est pourquoi seuls des professionnels confirm\u00e9s sont admis \u00e0 l&rsquo;examen professionnel sup\u00e9rieur de responsable de communication. Un brevet f\u00e9d\u00e9ral ou un dipl\u00f4me d&rsquo;une haute \u00e9cole, d&rsquo;une haute \u00e9cole sp\u00e9cialis\u00e9e ou d&rsquo;une \u00e9cole sup\u00e9rieure est n\u00e9cessaire pour le confirmer. Cependant, une pratique professionnelle dans le domaine de la communication d&rsquo;entreprise ou du marketing est toujours requise. Si vous avez d\u00e9j\u00e0 travaill\u00e9 plus de 5 ans dans le domaine de la communication d&rsquo;entreprise et du marketing, dont au moins 2 ans \u00e0 un poste de direction, cela suffit en soi pour \u00eatre admis. Pour conna\u00eetre les conditions d\u00e9taill\u00e9es, veuillez consulter la fiche d&rsquo;information sur l&rsquo;admission.<\/p>\n<p>[\/vc_column_text][\/vc_accordion_tab][vc_accordion_tab gutter_size=\u00a0\u00bb2&Prime; column_padding=\u00a0\u00bb2&Prime; title=\u00a0\u00bbR\u00e8glement, directives, taxes et d\u00e9cision pr\u00e9alable\u00a0\u00bb tab_id=\u00a0\u00bbd20a0ab8-e4a7-10&Prime;][vc_column_text uncode_shortcode_id=\u00a0\u00bb207648&Prime;]<\/p>\n<p class=\"p1\"><b>Frais d&rsquo;examen<br \/>\n<\/b><a href=\"https:\/\/ks-cs.ch\/wp-content\/uploads\/2023\/06\/KL_Gebuehrenordnung_2024_fr.pdf\" target=\"_blank\" rel=\"noopener\">Frais d&rsquo;examen<\/a><\/p>\n<p>Coordonn\u00e9es bancaires :<br \/>\nBanque Avera Coop\u00e9rative<br \/>\nKS\/CS Commission d&rsquo;examen<br \/>\nIBAN CH53 0685 0610 6798 9512 6<\/p>\n<p>&nbsp;<\/p>\n<p class=\"p1\"><b>Pr\u00e9avis<br \/>\n<\/b> <a href=\"https:\/\/ks-cs.ch\/wp-content\/uploads\/2023\/07\/Formular_Gesuch_Vorbescheid_KL_beschreib_PDF_2023_fr.pdf\" target=\"_blank\" rel=\"noopener\">Demande de pr\u00e9avis<\/a> (les documents remplis \u00e0 la main ne sont pas accept\u00e9s). Toutes les annexes, par ex. CV, certificats, attestations de travail, etc. doivent \u00eatre envoy\u00e9es dans l&rsquo;ordre indiqu\u00e9 dans le formulaire sous forme de fichier PDF unique avec le formulaire de demande, ne d\u00e9passant pas 10MB)<\/p>\n<p class=\"p1\"><b>R\u00e8glement d&rsquo;examen et guide d&rsquo;examen <\/b><\/p>\n<ul>\n<li class=\"p1\"><a href=\"https:\/\/ks-cs.ch\/wp-content\/uploads\/2022\/12\/20220125_PO_HFP_Kommunikationsleiter_fr_signed.pdf\" target=\"_blank\" rel=\"noopener\">R\u00e8glement d&rsquo;examen professionnel sup\u00e9rieur de Responsable de la communication \u00e0 partir de 2022<\/a>\n<div>\n<div id=\"AppleMailSignature\">\n<div dir=\"auto\">\n<div dir=\"auto\">\n<div dir=\"auto\"><\/div>\n<\/div>\n<\/div>\n<\/div>\n<\/div>\n<\/li>\n<li><a href=\"https:\/\/ks-cs.ch\/wp-content\/uploads\/2023\/04\/20230417_kleine-Anpassung-PO-HFP-Kommunikationsleiter_fr_sig.pdf\" target=\"_blank\" rel=\"noopener\">Modification du R\u00e8glement<\/a><\/li>\n<li class=\"p1\"><a href=\"https:\/\/ks-cs.ch\/wp-content\/uploads\/2023\/02\/Wegleitung-Kommunikationsleiter_Kommunikationsleiterinnen_fr.pdf\" target=\"_blank\" rel=\"noopener\">Directives d&rsquo;examen professionnel sup\u00e9rieur de Responsable de la communication<\/a><a href=\"https:\/\/ks-cs.ch\/wp-content\/uploads\/2023\/02\/Wegleitung-Kommunikationsleiter_Kommunikationsleiterinnen_fr.pdf\" target=\"_blank\" rel=\"noopener\">\u00e0 partir de 2022<\/a><\/li>\n<li><a href=\"https:\/\/ks-cs.ch\/wp-content\/uploads\/2023\/06\/KL_Diplomleitfaden_2022_FR.pdf\" target=\"_blank\" rel=\"noopener\">Guide du travail de dipl\u00f4me<\/a><\/li>\n<\/ul>\n<p class=\"p3\"><b>Admission<br \/>\n<\/b><a href=\"https:\/\/ks-cs.ch\/wp-content\/uploads\/2023\/02\/KL_2022_Zulassungsbedienungen_FR_logo.pdf\" target=\"_blank\" rel=\"noopener\">Conditions d\u2019admission<\/a>[\/vc_column_text][\/vc_accordion_tab][vc_accordion_tab gutter_size=\u00a0\u00bb2&Prime; column_padding=\u00a0\u00bb2&Prime; title=\u00a0\u00bbSEFRI &#8211; participation aux frais et r\u00e9glementations\u00a0\u00bb tab_id=\u00a0\u00bb5e34ddc7-cf82-8&Prime;][vc_column_text uncode_shortcode_id=\u00a0\u00bb931854&Prime;]<\/p>\n<p class=\"p1\">La Conf\u00e9d\u00e9ration, repr\u00e9sent\u00e9e par le Secr\u00e9tariat d&rsquo;\u00c9tat \u00e0 la formation, \u00e0 la recherche et \u00e0 l&rsquo;innovation (SEFRI), participe directement \u00e0 vos frais de formation. Si vous suivez un cours pour vous pr\u00e9parer \u00e0 un examen f\u00e9d\u00e9ral, vous recevrez un remboursement de 50 % des frais de cours imputables. Il faut toutefois que vous passiez effectivement l&rsquo;examen. Pour les examens professionnels f\u00e9d\u00e9raux, la garantie de prise en charge des frais s&rsquo;\u00e9l\u00e8ve au maximum \u00e0 9&rsquo;500 CHF pour les examens professionnels sup\u00e9rieurs \u00e0 10&rsquo;500 CHF. Vous pouvez obtenir des contributions de soutien de mani\u00e8re simple et pratique sur le site Internet du Secr\u00e9tariat d&rsquo;Etat \u00e0 la formation, \u00e0 la recherche et \u00e0 l&rsquo;innovation (SEFRI) comp\u00e9tent sous<a href=\"https:\/\/www.sbfi.admin.ch\/sbfi\/de\/home\/bildung\/hbb\/finanzierung.html#1064488272\" target=\"_blank\" rel=\"noopener\"> <span class=\"s1\">\u00ab\u00a0Subventions f\u00e9d\u00e9rales pour les cours pr\u00e9parant aux examens f\u00e9d\u00e9raux\u00a0\u00bb. <\/span><\/a>faire une demande.<\/p>\n<p class=\"p1\">Vous ne serez pas rembours\u00e9 pour les frais d&rsquo;examen eux-m\u00eames, qui s&rsquo;\u00e9l\u00e8vent entre 2&rsquo;150 CHF (sp\u00e9cialistes de la communication) et 3&rsquo;390 CHF (responsable de la communication). Ils en profitent toutefois indirectement, puisqu&rsquo;ils sont subventionn\u00e9s \u00e0 hauteur de 60 \u00e0 80% par la Conf\u00e9d\u00e9ration.<\/p>\n<p class=\"p1\"><a href=\"https:\/\/ks-cs.ch\/wp-content\/uploads\/2024\/05\/SBFI_240425-Erhoehung-Kostenvorschuss-BP-HFP-2024_fr.pdf\" target=\"_blank\" rel=\"noopener\">SEFRI &#8211; Augmentation des avances de frais dans le cadre des proc\u00e9dures de recours<\/a><\/p>\n<p><a href=\"https:\/\/www.sbfi.admin.ch\/sbfi\/fr\/home\/formation\/fpc\/fps\/examens-federaux\/associations-de-branches\/organisation_examens_federaux.html\" target=\"_blank\" rel=\"noopener\">SEFRI &#8211; Diverses notices, y compris la compensation des in\u00e9galit\u00e9s frappant les personnes handicap\u00e9es, l&rsquo;acc\u00e8s au dossier, etc.<\/a>[\/vc_column_text][\/vc_accordion_tab][vc_accordion_tab gutter_size=\u00a0\u00bb2&Prime; column_padding=\u00a0\u00bb2&Prime; title=\u00a0\u00bbCours de pr\u00e9paration et centre de formation\u00a0\u00bb tab_id=\u00a0\u00bbcb0f9c34-e2c7-4&Prime;][vc_column_text uncode_shortcode_id=\u00a0\u00bb133963&Prime;]<\/p>\n<p><strong>Centre de formation<\/strong><\/p>\n<ul>\n<li style=\"list-style-type: none;\">\n<ul>\n<li><a href=\"https:\/\/www.creageneve.com\/\" target=\"_blank\" rel=\"noopener\">CREA<\/a><\/li>\n<li><a href=\"http:\/\/www.digitalstrategiesacademy.ch\" target=\"_blank\" rel=\"noopener\">DigitalStrategies Academy Tesserete<\/a><\/li>\n<li><a href=\"http:\/\/www.get.ch\" target=\"_blank\" rel=\"noopener\">GET \u00c9cole de marketing et de cadres <\/a><\/li>\n<li><a href=\"https:\/\/kairos-academy.ch\/fr\/responsable-de-communication-avec-diplome-superieur-federal\/\" target=\"_blank\" rel=\"noopener\">KAIROS Academy<\/a><\/li>\n<li><a href=\"http:\/\/www.sms-edu.ch\" target=\"_blank\" rel=\"noopener\">SMSchool sagl Breganzona<\/a><\/li>\n<\/ul>\n<\/li>\n<\/ul>\n<p>&nbsp;<\/p>\n<p>[\/vc_column_text][\/vc_accordion_tab][vc_accordion_tab gutter_size=\u00a0\u00bb2&Prime; column_padding=\u00a0\u00bb2&Prime; title=\u00a0\u00bbAnnonce des notes, c\u00e9r\u00e9monie de remise des dipl\u00f4mes et suppl\u00e9ments au dipl\u00f4me\u00a0\u00bb tab_id=\u00a0\u00bbdb31e9fd-3f57-9&Prime;][vc_column_text uncode_shortcode_id=\u00a0\u00bb204524&Prime;]<\/p>\n<p class=\"p1\"><b>Communication des notes<br \/>\n<\/b>La date de communication des r\u00e9sultats d&rsquo;examen sera communiqu\u00e9e ult\u00e9rieurement.<\/p>\n<p class=\"p1\"><b>C\u00e9r\u00e9monie de remise des dipl\u00f4mes<br \/>\n<\/b>La date de la c\u00e9r\u00e9monie de remise des dipl\u00f4mes sera communiqu\u00e9e ult\u00e9rieurement.<\/p>\n<p><b>Suppl\u00e9ments au dipl\u00f4me<br \/>\n<\/b><span style=\"font-weight: 400;\">Depuis 2020, tous les candidats qui ont r\u00e9ussi l&rsquo;examen sup\u00e9rieur de responsable de communication re\u00e7oivent automatiquement un suppl\u00e9ment au dipl\u00f4me en m\u00eame temps que leur brevet. Le suppl\u00e9ment au dipl\u00f4me donne des informations d\u00e9taill\u00e9es sur les aptitudes et les comp\u00e9tences professionnelles des dipl\u00f4m\u00e9s et permet une meilleure comparaison avec d&rsquo;autres dipl\u00f4mes, y compris au niveau international. Les suppl\u00e9ments au dipl\u00f4me de directeur\/directrice de la communication indiquent le <\/span><a href=\"https:\/\/www.sbfi.admin.ch\/sbfi\/de\/home\/bildung\/mobilitaet\/nqr\/niveaus.html\"><br \/>\n<span style=\"font-weight: 400;\">Niveau 6 du CNC <\/span><br \/>\n<\/a><span style=\"font-weight: 400;\">. <\/span><\/p>\n<p><span style=\"font-weight: 400;\">Nous sommes fiers de pouvoir offrir ce document important \u00e0 nos participants aux examens. Gr\u00e2ce \u00e0 ce suppl\u00e9ment au dipl\u00f4me, les laur\u00e9ats b\u00e9n\u00e9ficient des avantages suivants : <\/span><\/p>\n<ul>\n<li style=\"font-weight: 400;\" aria-level=\"1\"><span style=\"font-weight: 400;\">Am\u00e9liorer la transparence, l&rsquo;intelligibilit\u00e9 et la comparabilit\u00e9 des dipl\u00f4mes suisses de la formation professionnelle initiale et de la formation professionnelle sup\u00e9rieure au niveau national et international ;<\/span><\/li>\n<li style=\"font-weight: 400;\" aria-level=\"1\"><span style=\"font-weight: 400;\">Reconnaissance de la grande valeur de la formation professionnelle suisse ;<\/span><\/li>\n<li style=\"font-weight: 400;\" aria-level=\"1\"><span style=\"font-weight: 400;\">Renforcer la reconnaissance internationale de la formation professionnelle sup\u00e9rieure ;<\/span><\/li>\n<li style=\"font-weight: 400;\" aria-level=\"1\"><span style=\"font-weight: 400;\">Promouvoir la reconnaissance sociale et la valorisation de l&rsquo;EFP par rapport aux dipl\u00f4mes universitaires ;<\/span><\/li>\n<li style=\"font-weight: 400;\" aria-level=\"1\"><span style=\"font-weight: 400;\">Augmenter la mobilit\u00e9 des sp\u00e9cialistes et des cadres en am\u00e9liorant les chances des sp\u00e9cialistes et des cadres form\u00e9s en Suisse de trouver un emploi \u00e0 l&rsquo;\u00e9tranger et dans des entreprises \u00e9trang\u00e8res en Suisse.<\/span><\/li>\n<\/ul>\n<p><span style=\"font-weight: 400;\">Vous trouverez des informations d\u00e9taill\u00e9es sur les suppl\u00e9ments au dipl\u00f4me sur les pages du SBFI :<\/span><\/p>\n<ul>\n<li><span style=\"font-weight: 400;\">R\u00e9pertoire des professions <\/span><a href=\"https:\/\/www.becc.admin.ch\/becc\/public\/bvz\/beruf\/diplomzusaetzeBpHfp\" target=\"_blank\" rel=\"noopener\"><br \/>\n<span style=\"font-weight: 400;\">Suppl\u00e9ment au dipl\u00f4me<\/span><br \/>\n<\/a><\/li>\n<li><span style=\"font-weight: 400;\">Informations g\u00e9n\u00e9rales sur les <\/span><a href=\"https:\/\/www.sbfi.admin.ch\/sbfi\/de\/home\/bildung\/mobilitaet\/nqr\/diplomzusaetze.html\"><br \/>\n<span style=\"font-weight: 400;\">Suppl\u00e9ments au dipl\u00f4me<\/span><br \/>\n<\/a><\/li>\n<li><span style=\"font-weight: 400;\">Informations sur le <\/span><a href=\"https:\/\/www.sbfi.admin.ch\/sbfi\/de\/home\/bildung\/mobilitaet\/nqr.html\" target=\"_blank\" rel=\"noopener\"><br \/>\n<span style=\"font-weight: 400;\">NQR<\/span><br \/>\n<\/a><\/li>\n<\/ul>\n<p><span style=\"font-weight: 400;\">Des exemples de suppl\u00e9ments au dipl\u00f4me sont en cours d&rsquo;\u00e9laboration en raison du nouveau RE en vigueur \u00e0 partir du 25.01.2022 et seront publi\u00e9s d\u00e8s que possible.<\/span>[\/vc_column_text][\/vc_accordion_tab][vc_accordion_tab gutter_size=\u00a0\u00bb2&Prime; column_padding=\u00a0\u00bb2&Prime; title=\u00a0\u00bbContact\u00a0\u00bb tab_id=\u00a0\u00bb64309680-cedc-7&Prime;][vc_column_text uncode_shortcode_id=\u00a0\u00bb898159&Prime;]<\/p>\n<p class=\"p1\">Secr\u00e9tariat d&rsquo;examen KS\/CS Communication Suisse et pr suisse<br \/>\nIn der Breiti 2, 8047\u00a0Zurich<\/p>\n<p class=\"p1\">T\u00e9l. <a href=\"tel:+41442112324\">+41 44 211 23 24<\/a><br \/>\nCourrier \u00e9lectronique <a href=\"mailto:pruefungen@ks-cs.ch\">pruefungen@ks-cs.ch<\/a><\/p>\n<p><img decoding=\"async\" class=\"alignnone wp-image-2817 \" src=\"https:\/\/ks-cs.ch\/wp-content\/uploads\/2022\/12\/Logo-Social-Media.-vers4-3-scaled-e1677540720979-300x132.jpg\" alt=\"\" width=\"273\" height=\"120\" srcset=\"https:\/\/ks-cs.ch\/wp-content\/uploads\/2022\/12\/Logo-Social-Media.-vers4-3-scaled-e1677540720979-300x132.jpg 300w, https:\/\/ks-cs.ch\/wp-content\/uploads\/2022\/12\/Logo-Social-Media.-vers4-3-scaled-e1677540720979-1024x451.jpg 1024w, https:\/\/ks-cs.ch\/wp-content\/uploads\/2022\/12\/Logo-Social-Media.-vers4-3-scaled-e1677540720979-768x338.jpg 768w, https:\/\/ks-cs.ch\/wp-content\/uploads\/2022\/12\/Logo-Social-Media.-vers4-3-scaled-e1677540720979-1536x676.jpg 1536w, https:\/\/ks-cs.ch\/wp-content\/uploads\/2022\/12\/Logo-Social-Media.-vers4-3-scaled-e1677540720979.jpg 1560w\" sizes=\"(max-width: 273px) 100vw, 273px\" \/><img decoding=\"async\" class=\"alignnone size-medium wp-image-3317\" src=\"https:\/\/ks-cs.ch\/wp-content\/uploads\/2023\/02\/Logo_pr_suisse_Text-300x105.jpg\" alt=\"\" width=\"300\" height=\"105\" srcset=\"https:\/\/ks-cs.ch\/wp-content\/uploads\/2023\/02\/Logo_pr_suisse_Text-300x105.jpg 300w, https:\/\/ks-cs.ch\/wp-content\/uploads\/2023\/02\/Logo_pr_suisse_Text-768x268.jpg 768w, https:\/\/ks-cs.ch\/wp-content\/uploads\/2023\/02\/Logo_pr_suisse_Text.jpg 926w\" sizes=\"(max-width: 300px) 100vw, 300px\" \/>[\/vc_column_text][\/vc_accordion_tab][vc_accordion_tab gutter_size=\u00a0\u00bb2&Prime; column_padding=\u00a0\u00bb2&Prime; title=\u00a0\u00bbPolitique de confidentialit\u00e9\u00a0\u00bb tab_id=\u00a0\u00bb1718711193665-8-1&Prime;][vc_column_text uncode_shortcode_id=\u00a0\u00bb171118&Prime;]<a href=\"https:\/\/ks-cs.ch\/wp-content\/uploads\/2024\/06\/PK-Datenschutzerklaerung-Kommunikationsleiter_in-FR.pdf\" target=\"_blank\" rel=\"noopener\">Politique de confidentialit\u00e9<\/a>[\/vc_column_text][\/vc_accordion_tab][\/vc_accordion][\/vc_column][\/vc_row]<\/p>\n<\/div>","protected":false},"excerpt":{"rendered":"<p>En collaboration avec diff\u00e9rents centres de formation et sur mandat de l&rsquo;Office f\u00e9d\u00e9ral suisse de la formation professionnelle (OFFT), les experts de KS\/CS font passer les examens f\u00e9d\u00e9raux de sp\u00e9cialiste en communication ainsi que l&rsquo;examen professionnel sup\u00e9rieur de responsable de communication. Les documents sont disponibles ici. Cliquez ici pour vous inscrire.<\/p>\n","protected":false},"author":1,"featured_media":3774,"parent":906,"menu_order":5,"comment_status":"closed","ping_status":"closed","template":"","meta":{"content-type":"","footnotes":""},"class_list":["post-939","page","type-page","status-publish","has-post-thumbnail","hentry","page_category-offre"],"yoast_head":"<!-- This site is optimized with the Yoast SEO plugin v27.5 - https:\/\/yoast.com\/product\/yoast-seo-wordpress\/ -->\n<title>Examens - KS\/CS Communication Suisse<\/title>\n<meta name=\"description\" content=\"Formation sp\u00e9cialis\u00e9e - la solution miracle pour une carri\u00e8re en communication. Le double parcours orient\u00e9 vers la pratique avec une base th\u00e9orique solide ouvre les portes \u00e0 un large spectre.\" \/>\n<meta name=\"robots\" content=\"index, follow, max-snippet:-1, max-image-preview:large, max-video-preview:-1\" \/>\n<link rel=\"canonical\" href=\"https:\/\/ks-cs.ch\/fr\/offre\/examens\/\" \/>\n<meta property=\"og:locale\" content=\"fr_FR\" \/>\n<meta property=\"og:type\" content=\"article\" \/>\n<meta property=\"og:title\" content=\"Examens - KS\/CS Communication Suisse\" \/>\n<meta property=\"og:description\" content=\"Formation sp\u00e9cialis\u00e9e - la solution miracle pour une carri\u00e8re en communication. Le double parcours orient\u00e9 vers la pratique avec une base th\u00e9orique solide ouvre les portes \u00e0 un large spectre.\" \/>\n<meta property=\"og:url\" content=\"https:\/\/ks-cs.ch\/fr\/offre\/examens\/\" \/>\n<meta property=\"og:site_name\" content=\"KS\/CS Communication Suisse\" \/>\n<meta property=\"article:modified_time\" content=\"2026-04-28T07:51:14+00:00\" \/>\n<meta property=\"og:image\" content=\"https:\/\/ks-cs.ch\/wp-content\/uploads\/2023\/06\/PK_Website_Bild_1620x1080.jpg\" \/>\n\t<meta property=\"og:image:width\" content=\"1620\" \/>\n\t<meta property=\"og:image:height\" content=\"1080\" \/>\n\t<meta property=\"og:image:type\" content=\"image\/jpeg\" \/>\n<meta name=\"twitter:card\" content=\"summary_large_image\" \/>\n<meta name=\"twitter:label1\" content=\"Dur\u00e9e de lecture estim\u00e9e\" \/>\n\t<meta name=\"twitter:data1\" content=\"16 minutes\" \/>\n<script type=\"application\/ld+json\" class=\"yoast-schema-graph\">{\"@context\":\"https:\\\/\\\/schema.org\",\"@graph\":[{\"@type\":\"WebPage\",\"@id\":\"https:\\\/\\\/ks-cs.ch\\\/fr\\\/offre\\\/examens\\\/\",\"url\":\"https:\\\/\\\/ks-cs.ch\\\/fr\\\/offre\\\/examens\\\/\",\"name\":\"Examens - KS\\\/CS Communication Suisse\",\"isPartOf\":{\"@id\":\"https:\\\/\\\/ks-cs.ch\\\/fr\\\/#website\"},\"primaryImageOfPage\":{\"@id\":\"https:\\\/\\\/ks-cs.ch\\\/fr\\\/offre\\\/examens\\\/#primaryimage\"},\"image\":{\"@id\":\"https:\\\/\\\/ks-cs.ch\\\/fr\\\/offre\\\/examens\\\/#primaryimage\"},\"thumbnailUrl\":\"https:\\\/\\\/ks-cs.ch\\\/wp-content\\\/uploads\\\/2023\\\/06\\\/PK_Website_Bild_1620x1080.jpg\",\"datePublished\":\"2022-05-30T08:57:13+00:00\",\"dateModified\":\"2026-04-28T07:51:14+00:00\",\"description\":\"Formation sp\u00e9cialis\u00e9e - la solution miracle pour une carri\u00e8re en communication. Le double parcours orient\u00e9 vers la pratique avec une base th\u00e9orique solide ouvre les portes \u00e0 un large spectre.\",\"breadcrumb\":{\"@id\":\"https:\\\/\\\/ks-cs.ch\\\/fr\\\/offre\\\/examens\\\/#breadcrumb\"},\"inLanguage\":\"fr-FR\",\"potentialAction\":[{\"@type\":\"ReadAction\",\"target\":[\"https:\\\/\\\/ks-cs.ch\\\/fr\\\/offre\\\/examens\\\/\"]}]},{\"@type\":\"ImageObject\",\"inLanguage\":\"fr-FR\",\"@id\":\"https:\\\/\\\/ks-cs.ch\\\/fr\\\/offre\\\/examens\\\/#primaryimage\",\"url\":\"https:\\\/\\\/ks-cs.ch\\\/wp-content\\\/uploads\\\/2023\\\/06\\\/PK_Website_Bild_1620x1080.jpg\",\"contentUrl\":\"https:\\\/\\\/ks-cs.ch\\\/wp-content\\\/uploads\\\/2023\\\/06\\\/PK_Website_Bild_1620x1080.jpg\",\"width\":1620,\"height\":1080,\"caption\":\"JR8P8Y Three excited classmates receiving good news on line in their laptops in a classroom\"},{\"@type\":\"BreadcrumbList\",\"@id\":\"https:\\\/\\\/ks-cs.ch\\\/fr\\\/offre\\\/examens\\\/#breadcrumb\",\"itemListElement\":[{\"@type\":\"ListItem\",\"position\":1,\"name\":\"Home\",\"item\":\"https:\\\/\\\/ks-cs.ch\\\/fr\\\/\"},{\"@type\":\"ListItem\",\"position\":2,\"name\":\"Offre\",\"item\":\"https:\\\/\\\/ks-cs.ch\\\/fr\\\/offre\\\/\"},{\"@type\":\"ListItem\",\"position\":3,\"name\":\"Examens\"}]},{\"@type\":\"WebSite\",\"@id\":\"https:\\\/\\\/ks-cs.ch\\\/fr\\\/#website\",\"url\":\"https:\\\/\\\/ks-cs.ch\\\/fr\\\/\",\"name\":\"KS\\\/CS Kommunikation Schweiz\",\"description\":\"Association des communications commerciales\",\"publisher\":{\"@id\":\"https:\\\/\\\/ks-cs.ch\\\/fr\\\/#organization\"},\"potentialAction\":[{\"@type\":\"SearchAction\",\"target\":{\"@type\":\"EntryPoint\",\"urlTemplate\":\"https:\\\/\\\/ks-cs.ch\\\/fr\\\/?s={search_term_string}\"},\"query-input\":{\"@type\":\"PropertyValueSpecification\",\"valueRequired\":true,\"valueName\":\"search_term_string\"}}],\"inLanguage\":\"fr-FR\"},{\"@type\":\"Organization\",\"@id\":\"https:\\\/\\\/ks-cs.ch\\\/fr\\\/#organization\",\"name\":\"KS\\\/CS Kommunikation Schweiz\",\"url\":\"https:\\\/\\\/ks-cs.ch\\\/fr\\\/\",\"logo\":{\"@type\":\"ImageObject\",\"inLanguage\":\"fr-FR\",\"@id\":\"https:\\\/\\\/ks-cs.ch\\\/fr\\\/#\\\/schema\\\/logo\\\/image\\\/\",\"url\":\"https:\\\/\\\/ks-cs.ch\\\/wp-content\\\/uploads\\\/2022\\\/12\\\/Logo-Social-Media-1.jpg\",\"contentUrl\":\"https:\\\/\\\/ks-cs.ch\\\/wp-content\\\/uploads\\\/2022\\\/12\\\/Logo-Social-Media-1.jpg\",\"width\":709,\"height\":608,\"caption\":\"KS\\\/CS Kommunikation Schweiz\"},\"image\":{\"@id\":\"https:\\\/\\\/ks-cs.ch\\\/fr\\\/#\\\/schema\\\/logo\\\/image\\\/\"},\"sameAs\":[\"https:\\\/\\\/www.linkedin.com\\\/company\\\/kommunikation-schweiz-communication-suisse-comunicazione-svizzera-communication-switzerland\\\/\"]}]}<\/script>\n<!-- \/ Yoast SEO plugin. -->","yoast_head_json":{"title":"Examens - KS\/CS Communication Suisse","description":"Formation sp\u00e9cialis\u00e9e - la solution miracle pour une carri\u00e8re en communication. Le double parcours orient\u00e9 vers la pratique avec une base th\u00e9orique solide ouvre les portes \u00e0 un large spectre.","robots":{"index":"index","follow":"follow","max-snippet":"max-snippet:-1","max-image-preview":"max-image-preview:large","max-video-preview":"max-video-preview:-1"},"canonical":"https:\/\/ks-cs.ch\/fr\/offre\/examens\/","og_locale":"fr_FR","og_type":"article","og_title":"Examens - KS\/CS Communication Suisse","og_description":"Formation sp\u00e9cialis\u00e9e - la solution miracle pour une carri\u00e8re en communication. Le double parcours orient\u00e9 vers la pratique avec une base th\u00e9orique solide ouvre les portes \u00e0 un large spectre.","og_url":"https:\/\/ks-cs.ch\/fr\/offre\/examens\/","og_site_name":"KS\/CS Communication Suisse","article_modified_time":"2026-04-28T07:51:14+00:00","og_image":[{"width":1620,"height":1080,"url":"https:\/\/ks-cs.ch\/wp-content\/uploads\/2023\/06\/PK_Website_Bild_1620x1080.jpg","type":"image\/jpeg"}],"twitter_card":"summary_large_image","twitter_misc":{"Dur\u00e9e de lecture estim\u00e9e":"16 minutes"},"schema":{"@context":"https:\/\/schema.org","@graph":[{"@type":"WebPage","@id":"https:\/\/ks-cs.ch\/fr\/offre\/examens\/","url":"https:\/\/ks-cs.ch\/fr\/offre\/examens\/","name":"Examens - KS\/CS Communication Suisse","isPartOf":{"@id":"https:\/\/ks-cs.ch\/fr\/#website"},"primaryImageOfPage":{"@id":"https:\/\/ks-cs.ch\/fr\/offre\/examens\/#primaryimage"},"image":{"@id":"https:\/\/ks-cs.ch\/fr\/offre\/examens\/#primaryimage"},"thumbnailUrl":"https:\/\/ks-cs.ch\/wp-content\/uploads\/2023\/06\/PK_Website_Bild_1620x1080.jpg","datePublished":"2022-05-30T08:57:13+00:00","dateModified":"2026-04-28T07:51:14+00:00","description":"Formation sp\u00e9cialis\u00e9e - la solution miracle pour une carri\u00e8re en communication. Le double parcours orient\u00e9 vers la pratique avec une base th\u00e9orique solide ouvre les portes \u00e0 un large spectre.","breadcrumb":{"@id":"https:\/\/ks-cs.ch\/fr\/offre\/examens\/#breadcrumb"},"inLanguage":"fr-FR","potentialAction":[{"@type":"ReadAction","target":["https:\/\/ks-cs.ch\/fr\/offre\/examens\/"]}]},{"@type":"ImageObject","inLanguage":"fr-FR","@id":"https:\/\/ks-cs.ch\/fr\/offre\/examens\/#primaryimage","url":"https:\/\/ks-cs.ch\/wp-content\/uploads\/2023\/06\/PK_Website_Bild_1620x1080.jpg","contentUrl":"https:\/\/ks-cs.ch\/wp-content\/uploads\/2023\/06\/PK_Website_Bild_1620x1080.jpg","width":1620,"height":1080,"caption":"JR8P8Y Three excited classmates receiving good news on line in their laptops in a classroom"},{"@type":"BreadcrumbList","@id":"https:\/\/ks-cs.ch\/fr\/offre\/examens\/#breadcrumb","itemListElement":[{"@type":"ListItem","position":1,"name":"Home","item":"https:\/\/ks-cs.ch\/fr\/"},{"@type":"ListItem","position":2,"name":"Offre","item":"https:\/\/ks-cs.ch\/fr\/offre\/"},{"@type":"ListItem","position":3,"name":"Examens"}]},{"@type":"WebSite","@id":"https:\/\/ks-cs.ch\/fr\/#website","url":"https:\/\/ks-cs.ch\/fr\/","name":"KS\/CS Kommunikation Schweiz","description":"Association des communications commerciales","publisher":{"@id":"https:\/\/ks-cs.ch\/fr\/#organization"},"potentialAction":[{"@type":"SearchAction","target":{"@type":"EntryPoint","urlTemplate":"https:\/\/ks-cs.ch\/fr\/?s={search_term_string}"},"query-input":{"@type":"PropertyValueSpecification","valueRequired":true,"valueName":"search_term_string"}}],"inLanguage":"fr-FR"},{"@type":"Organization","@id":"https:\/\/ks-cs.ch\/fr\/#organization","name":"KS\/CS Kommunikation Schweiz","url":"https:\/\/ks-cs.ch\/fr\/","logo":{"@type":"ImageObject","inLanguage":"fr-FR","@id":"https:\/\/ks-cs.ch\/fr\/#\/schema\/logo\/image\/","url":"https:\/\/ks-cs.ch\/wp-content\/uploads\/2022\/12\/Logo-Social-Media-1.jpg","contentUrl":"https:\/\/ks-cs.ch\/wp-content\/uploads\/2022\/12\/Logo-Social-Media-1.jpg","width":709,"height":608,"caption":"KS\/CS Kommunikation Schweiz"},"image":{"@id":"https:\/\/ks-cs.ch\/fr\/#\/schema\/logo\/image\/"},"sameAs":["https:\/\/www.linkedin.com\/company\/kommunikation-schweiz-communication-suisse-comunicazione-svizzera-communication-switzerland\/"]}]}},"publishpress_future_action":{"enabled":false,"date":"2026-05-06 12:54:05","action":"change-status","newStatus":"draft","terms":[],"taxonomy":"translation_priority","extraData":[]},"publishpress_future_workflow_manual_trigger":{"enabledWorkflows":[]},"_links":{"self":[{"href":"https:\/\/ks-cs.ch\/fr\/wp-json\/wp\/v2\/pages\/939","targetHints":{"allow":["GET"]}}],"collection":[{"href":"https:\/\/ks-cs.ch\/fr\/wp-json\/wp\/v2\/pages"}],"about":[{"href":"https:\/\/ks-cs.ch\/fr\/wp-json\/wp\/v2\/types\/page"}],"author":[{"embeddable":true,"href":"https:\/\/ks-cs.ch\/fr\/wp-json\/wp\/v2\/users\/1"}],"replies":[{"embeddable":true,"href":"https:\/\/ks-cs.ch\/fr\/wp-json\/wp\/v2\/comments?post=939"}],"version-history":[{"count":153,"href":"https:\/\/ks-cs.ch\/fr\/wp-json\/wp\/v2\/pages\/939\/revisions"}],"predecessor-version":[{"id":9149,"href":"https:\/\/ks-cs.ch\/fr\/wp-json\/wp\/v2\/pages\/939\/revisions\/9149"}],"up":[{"embeddable":true,"href":"https:\/\/ks-cs.ch\/fr\/wp-json\/wp\/v2\/pages\/906"}],"wp:featuredmedia":[{"embeddable":true,"href":"https:\/\/ks-cs.ch\/fr\/wp-json\/wp\/v2\/media\/3774"}],"wp:attachment":[{"href":"https:\/\/ks-cs.ch\/fr\/wp-json\/wp\/v2\/media?parent=939"}],"curies":[{"name":"wp","href":"https:\/\/api.w.org\/{rel}","templated":true}]}}