{"id":901,"date":"2022-05-30T10:56:36","date_gmt":"2022-05-30T08:56:36","guid":{"rendered":"https:\/\/ks-cs.ch\/adhesion\/"},"modified":"2025-12-01T14:24:36","modified_gmt":"2025-12-01T13:24:36","slug":"adhesion","status":"publish","type":"page","link":"https:\/\/ks-cs.ch\/fr\/adhesion\/","title":{"rendered":"Adh\u00e9sion"},"content":{"rendered":"<div class=\"wpb-content-wrapper\"><p>[vc_row row_height_percent=\u00a0\u00bb0&Prime; override_padding=\u00a0\u00bbyes\u00a0\u00bb h_padding=\u00a0\u00bb2&Prime; top_padding=\u00a0\u00bb3&Prime; bottom_padding=\u00a0\u00bb2&Prime; overlay_alpha=\u00a0\u00bb50&Prime; gutter_size=\u00a0\u00bb3&Prime; column_width_percent=\u00a0\u00bb100&Prime; shift_y=\u00a0\u00bb0&Prime; z_index=\u00a0\u00bb0&Prime; uncode_shortcode_id=\u00a0\u00bb172934&Prime;][vc_column column_width_use_pixel=\u00a0\u00bbyes\u00a0\u00bb gutter_size=\u00a0\u00bb2&Prime; overlay_alpha=\u00a0\u00bb50&Prime; shift_x=\u00a0\u00bb0&Prime; shift_y=\u00a0\u00bb0&Prime; shift_y_down=\u00a0\u00bb0&Prime; z_index=\u00a0\u00bb0&Prime; medium_width=\u00a0\u00bb0&Prime; mobile_width=\u00a0\u00bb0&Prime; width=\u00a0\u00bb1\/1&Prime; uncode_shortcode_id=\u00a0\u00bb104419&Prime; column_width_pixel=\u00a0\u00bb840&Prime;][uncode_breadcrumbs separator=\u00a0\u00bbdash\u00a0\u00bb][vc_custom_heading heading_semantic=\u00a0\u00bbh1&Prime; text_size=\u00a0\u00bbh1&Prime; text_weight=\u00a0\u00bb600&Prime; uncode_shortcode_id=\u00a0\u00bb166966&Prime;]Votre adh\u00e9sion nous permet de nous engager en faveur d&rsquo;un secteur publicitaire performant et \u00e9panoui.[\/vc_custom_heading][vc_column_text uncode_shortcode_id=\u00a0\u00bb140353&Prime;]En tant que membre de KS\/CS Communication Suisse, vous faites partie d&rsquo;une communaut\u00e9 qui s&rsquo;engage en faveur de bonnes conditions cadres pour la communication commerciale. Donc pour peu d&rsquo;interdictions de communication, le maintien d&rsquo;espaces et d&rsquo;inventaires publicitaires et une autor\u00e9gulation responsable,[\/vc_column_text][\/vc_column][\/vc_row][vc_row row_height_percent=\u00a0\u00bb0&Prime; override_padding=\u00a0\u00bbyes\u00a0\u00bb h_padding=\u00a0\u00bb2&Prime; top_padding=\u00a0\u00bb2&Prime; bottom_padding=\u00a0\u00bb2&Prime; overlay_alpha=\u00a0\u00bb50&Prime; gutter_size=\u00a0\u00bb3&Prime; column_width_percent=\u00a0\u00bb100&Prime; shift_y=\u00a0\u00bb0&Prime; z_index=\u00a0\u00bb0&Prime; uncode_shortcode_id=\u00a0\u00bb206158&Prime;][vc_column width=\u00a0\u00bb1\/1&Prime;][uncode_block id=\u00a0\u00bb277&Prime;][\/vc_column][\/vc_row][vc_row row_height_percent=\u00a0\u00bb0&Prime; overlay_alpha=\u00a0\u00bb50&Prime; gutter_size=\u00a0\u00bb3&Prime; column_width_percent=\u00a0\u00bb100&Prime; shift_y=\u00a0\u00bb0&Prime; z_index=\u00a0\u00bb0&Prime; uncode_shortcode_id=\u00a0\u00bb131953&Prime;][vc_column column_width_use_pixel=\u00a0\u00bbyes\u00a0\u00bb gutter_size=\u00a0\u00bb4&Prime; overlay_alpha=\u00a0\u00bb50&Prime; shift_x=\u00a0\u00bb0&Prime; shift_y=\u00a0\u00bb0&Prime; shift_y_down=\u00a0\u00bb0&Prime; z_index=\u00a0\u00bb0&Prime; medium_width=\u00a0\u00bb0&Prime; mobile_width=\u00a0\u00bb0&Prime; width=\u00a0\u00bb1\/1&Prime; uncode_shortcode_id=\u00a0\u00bb127308&Prime; column_width_pixel=\u00a0\u00bb840&Prime;][vc_custom_heading text_weight=\u00a0\u00bb600&Prime; uncode_shortcode_id=\u00a0\u00bb124598&Prime;]En tant que membre, vous soutenez le travail de KS\/CS.[\/vc_custom_heading][vc_row_inner row_inner_height_percent=\u00a0\u00bb0&Prime; overlay_alpha=\u00a0\u00bb50&Prime; gutter_size=\u00a0\u00bb4&Prime; shift_y=\u00a0\u00bb0&Prime; z_index=\u00a0\u00bb0&Prime; uncode_shortcode_id=\u00a0\u00bb117255&Prime; limit_content=\u00a0\u00bb\u00a0\u00bb][vc_column_inner column_width_percent=\u00a0\u00bb100&Prime; gutter_size=\u00a0\u00bb2&Prime; overlay_alpha=\u00a0\u00bb50&Prime; shift_x=\u00a0\u00bb0&Prime; shift_y=\u00a0\u00bb0&Prime; shift_y_down=\u00a0\u00bb0&Prime; z_index=\u00a0\u00bb0&Prime; medium_width=\u00a0\u00bb0&Prime; mobile_width=\u00a0\u00bb0&Prime; width=\u00a0\u00bb1\/2&Prime; uncode_shortcode_id=\u00a0\u00bb169489&Prime;][vc_custom_heading heading_semantic=\u00a0\u00bbh4&Prime; text_size=\u00a0\u00bbfontsize-205777&Prime; uncode_shortcode_id=\u00a0\u00bb500788&Prime;]1.[\/vc_custom_heading][vc_custom_heading heading_semantic=\u00a0\u00bbh4&Prime; text_size=\u00a0\u00bbh3&Prime; text_weight=\u00a0\u00bb400&Prime; uncode_shortcode_id=\u00a0\u00bb166555&Prime;]<span style=\"font-family: -apple-system, BlinkMacSystemFont, 'Segoe UI', Roboto, Oxygen-Sans, Ubuntu, Cantarell, 'Helvetica Neue', sans-serif;\">Une l\u00e9gislation favorable \u00e0 la communication \u00e0 tous les niveaux de l&rsquo;Etat.<\/span>[\/vc_custom_heading][\/vc_column_inner][vc_column_inner column_width_percent=\u00a0\u00bb100&Prime; gutter_size=\u00a0\u00bb2&Prime; overlay_alpha=\u00a0\u00bb50&Prime; shift_x=\u00a0\u00bb0&Prime; shift_y=\u00a0\u00bb0&Prime; shift_y_down=\u00a0\u00bb0&Prime; z_index=\u00a0\u00bb0&Prime; medium_width=\u00a0\u00bb0&Prime; mobile_width=\u00a0\u00bb0&Prime; width=\u00a0\u00bb1\/2&Prime; uncode_shortcode_id=\u00a0\u00bb130019&Prime;][vc_custom_heading heading_semantic=\u00a0\u00bbh4&Prime; text_size=\u00a0\u00bbfontsize-205777&Prime; uncode_shortcode_id=\u00a0\u00bb127330&Prime;]2.[\/vc_custom_heading][vc_custom_heading heading_semantic=\u00a0\u00bbh4&Prime; text_size=\u00a0\u00bbh3&Prime; text_weight=\u00a0\u00bb400&Prime; uncode_shortcode_id=\u00a0\u00bb133355&Prime;]Une autor\u00e9gulation du secteur pour \u00e9viter les interdictions de communication.[\/vc_custom_heading][\/vc_column_inner][\/vc_row_inner][vc_row_inner row_inner_height_percent=\u00a0\u00bb0&Prime; overlay_alpha=\u00a0\u00bb50&Prime; gutter_size=\u00a0\u00bb4&Prime; shift_y=\u00a0\u00bb0&Prime; z_index=\u00a0\u00bb0&Prime; uncode_shortcode_id=\u00a0\u00bb117255&Prime; limit_content=\u00a0\u00bb\u00a0\u00bb][vc_column_inner column_width_percent=\u00a0\u00bb100&Prime; gutter_size=\u00a0\u00bb2&Prime; overlay_alpha=\u00a0\u00bb50&Prime; shift_x=\u00a0\u00bb0&Prime; shift_y=\u00a0\u00bb0&Prime; shift_y_down=\u00a0\u00bb0&Prime; z_index=\u00a0\u00bb0&Prime; medium_width=\u00a0\u00bb0&Prime; mobile_width=\u00a0\u00bb0&Prime; width=\u00a0\u00bb1\/2&Prime; uncode_shortcode_id=\u00a0\u00bb169489&Prime;][vc_custom_heading heading_semantic=\u00a0\u00bbh4&Prime; text_size=\u00a0\u00bbfontsize-205777&Prime; uncode_shortcode_id=\u00a0\u00bb160703&Prime;]3.[\/vc_custom_heading][vc_custom_heading heading_semantic=\u00a0\u00bbh4&Prime; text_size=\u00a0\u00bbh3&Prime; text_weight=\u00a0\u00bb400&Prime; uncode_shortcode_id=\u00a0\u00bb184353&Prime;]Renforcer l&rsquo;acceptation sociale de la communication en tant qu&rsquo;\u00e9l\u00e9ment essentiel du bon fonctionnement de l&rsquo;\u00e9conomie.[\/vc_custom_heading][\/vc_column_inner][vc_column_inner column_width_percent=\u00a0\u00bb100&Prime; gutter_size=\u00a0\u00bb2&Prime; overlay_alpha=\u00a0\u00bb50&Prime; shift_x=\u00a0\u00bb0&Prime; shift_y=\u00a0\u00bb0&Prime; shift_y_down=\u00a0\u00bb0&Prime; z_index=\u00a0\u00bb0&Prime; medium_width=\u00a0\u00bb0&Prime; mobile_width=\u00a0\u00bb0&Prime; width=\u00a0\u00bb1\/2&Prime; uncode_shortcode_id=\u00a0\u00bb130019&Prime;][vc_custom_heading heading_semantic=\u00a0\u00bbh4&Prime; text_size=\u00a0\u00bbfontsize-205777&Prime; uncode_shortcode_id=\u00a0\u00bb121951&Prime;]4.[\/vc_custom_heading][vc_custom_heading heading_semantic=\u00a0\u00bbh4&Prime; text_size=\u00a0\u00bbh3&Prime; text_weight=\u00a0\u00bb400&Prime; uncode_shortcode_id=\u00a0\u00bb149498&Prime;]Soutenir la formation et le perfectionnement des sp\u00e9cialistes de la branche en faisant passer des examens professionnels.[\/vc_custom_heading][\/vc_column_inner][\/vc_row_inner][\/vc_column][\/vc_row][vc_row row_height_percent=\u00a0\u00bb0&Prime; override_padding=\u00a0\u00bbyes\u00a0\u00bb h_padding=\u00a0\u00bb2&Prime; top_padding=\u00a0\u00bb3&Prime; bottom_padding=\u00a0\u00bb2&Prime; overlay_alpha=\u00a0\u00bb50&Prime; gutter_size=\u00a0\u00bb3&Prime; column_width_percent=\u00a0\u00bb100&Prime; shift_y=\u00a0\u00bb0&Prime; z_index=\u00a0\u00bb0&Prime; uncode_shortcode_id=\u00a0\u00bb111416&Prime;][vc_column column_width_use_pixel=\u00a0\u00bbyes\u00a0\u00bb gutter_size=\u00a0\u00bb2&Prime; overlay_alpha=\u00a0\u00bb50&Prime; shift_x=\u00a0\u00bb0&Prime; shift_y=\u00a0\u00bb0&Prime; shift_y_down=\u00a0\u00bb0&Prime; z_index=\u00a0\u00bb0&Prime; medium_width=\u00a0\u00bb0&Prime; mobile_width=\u00a0\u00bb0&Prime; width=\u00a0\u00bb1\/1&Prime; uncode_shortcode_id=\u00a0\u00bb104419&Prime; column_width_pixel=\u00a0\u00bb840&Prime;][vc_custom_heading text_weight=\u00a0\u00bb600&Prime; uncode_shortcode_id=\u00a0\u00bb518796&Prime;]Devenir membre[\/vc_custom_heading][vc_column_text uncode_shortcode_id=\u00a0\u00bb208792&Prime;]Les membres de KS\/CS Communication Suisse sont des personnes morales et physiques qui souhaitent soutenir ces objectifs et ces valeurs.<\/p>\n<p>Vous pouvez faire une demande d&rsquo;adh\u00e9sion \u00e0 KS\/CS <a href=\"https:\/\/ks-cs.ch\/fr\/adhesion\/devenir-membre\/#anmelden\">ici<\/a>. Vous trouverez <a href=\"https:\/\/ks-cs.ch\/fr\/adhesion\/devenir-membre\/\">ici<\/a> un aper\u00e7u des cotisations de membre et des avantages correspondants.[\/vc_column_text][vc_empty_space][vc_button border_width=\u00a0\u00bb0&Prime; display=\u00a0\u00bbinline\u00a0\u00bb uncode_shortcode_id=\u00a0\u00bb731691&Prime; link=\u00a0\u00bburl:https%3A%2F%2Fks-cs.ch%2Ffr%2Fadhesion%2Fdevenir-membre%2F%23anmelden|title:Devenir%20membre|\u00a0\u00bb]Devenir membre[\/vc_button][vc_button outline=\u00a0\u00bbyes\u00a0\u00bb border_width=\u00a0\u00bb0&Prime; display=\u00a0\u00bbinline\u00a0\u00bb uncode_shortcode_id=\u00a0\u00bb560350&Prime; link=\u00a0\u00bburl:https%3A%2F%2Fks-cs.ch%2Ffr%2Fadhesion%2Fdevenir-membre%2F|\u00a0\u00bb]Prestations et cotisations[\/vc_button][\/vc_column][\/vc_row][vc_row row_height_percent=\u00a0\u00bb0&Prime; override_padding=\u00a0\u00bbyes\u00a0\u00bb h_padding=\u00a0\u00bb2&Prime; top_padding=\u00a0\u00bb3&Prime; bottom_padding=\u00a0\u00bb2&Prime; overlay_alpha=\u00a0\u00bb50&Prime; gutter_size=\u00a0\u00bb3&Prime; column_width_percent=\u00a0\u00bb100&Prime; shift_y=\u00a0\u00bb0&Prime; z_index=\u00a0\u00bb0&Prime; uncode_shortcode_id=\u00a0\u00bb107117&Prime; row_name=\u00a0\u00bbpremiumpartner\u00a0\u00bb][vc_column column_width_use_pixel=\u00a0\u00bbyes\u00a0\u00bb gutter_size=\u00a0\u00bb2&Prime; overlay_alpha=\u00a0\u00bb50&Prime; shift_x=\u00a0\u00bb0&Prime; shift_y=\u00a0\u00bb0&Prime; shift_y_down=\u00a0\u00bb0&Prime; z_index=\u00a0\u00bb0&Prime; medium_width=\u00a0\u00bb0&Prime; mobile_width=\u00a0\u00bb0&Prime; width=\u00a0\u00bb1\/1&Prime; uncode_shortcode_id=\u00a0\u00bb104419&Prime; column_width_pixel=\u00a0\u00bb840&Prime;][vc_custom_heading text_weight=\u00a0\u00bb600&Prime; uncode_shortcode_id=\u00a0\u00bb218536&Prime;]Partenaire premium[\/vc_custom_heading][vc_column_text uncode_shortcode_id=\u00a0\u00bb349140&Prime;]Les partenaires premium de KS\/CS s&rsquo;engagent de mani\u00e8re exceptionnelle et collective pour la communication commerciale en Suisse. Gr\u00e2ce \u00e0 leur engagement, KS\/CS peut s&rsquo;impliquer de mani\u00e8re approfondie dans des th\u00e8mes d&rsquo;actualit\u00e9 et \u00e9laborer des argumentaires qui servent au d\u00e9bat politique et \u00e0 la r\u00e9alisation des objectifs de KS\/CS. Les partenaires Premium si\u00e8gent au comit\u00e9 de r\u00e9gulation du KS\/CS ainsi qu&rsquo;au Conseil suisse de la communication. Ils sont invit\u00e9s \u00e0 des occasions sp\u00e9ciales.[\/vc_column_text][\/vc_column][\/vc_row][vc_row][vc_column width=\u00a0\u00bb1\/1&Prime;][uncode_block id=\u00a0\u00bb4517&Prime;][\/vc_column][\/vc_row][vc_row row_height_percent=\u00a0\u00bb0&Prime; override_padding=\u00a0\u00bbyes\u00a0\u00bb h_padding=\u00a0\u00bb2&Prime; top_padding=\u00a0\u00bb3&Prime; bottom_padding=\u00a0\u00bb2&Prime; overlay_alpha=\u00a0\u00bb50&Prime; gutter_size=\u00a0\u00bb3&Prime; column_width_percent=\u00a0\u00bb100&Prime; shift_y=\u00a0\u00bb0&Prime; z_index=\u00a0\u00bb0&Prime; uncode_shortcode_id=\u00a0\u00bb142181&Prime;][vc_column column_width_use_pixel=\u00a0\u00bbyes\u00a0\u00bb gutter_size=\u00a0\u00bb2&Prime; overlay_alpha=\u00a0\u00bb50&Prime; shift_x=\u00a0\u00bb0&Prime; shift_y=\u00a0\u00bb0&Prime; shift_y_down=\u00a0\u00bb0&Prime; z_index=\u00a0\u00bb0&Prime; medium_width=\u00a0\u00bb0&Prime; mobile_width=\u00a0\u00bb0&Prime; width=\u00a0\u00bb1\/1&Prime; uncode_shortcode_id=\u00a0\u00bb104419&Prime; column_width_pixel=\u00a0\u00bb840&Prime;][vc_custom_heading text_weight=\u00a0\u00bb600&Prime; uncode_shortcode_id=\u00a0\u00bb105895&Prime;]Associations[\/vc_custom_heading][vc_column_text uncode_shortcode_id=\u00a0\u00bb109981&Prime;]En tant qu&rsquo;association fa\u00eeti\u00e8re de la communication suisse, KS\/CS travaille en \u00e9troite collaboration avec des associations professionnelles sp\u00e9cifiques \u00e0 la branche.[\/vc_column_text][vc_gallery el_id=\u00a0\u00bbgallery-18460012&Prime; type=\u00a0\u00bbcarousel\u00a0\u00bb random=\u00a0\u00bbyes\u00a0\u00bb medias=\u00a0\u00bb4340,4332,4329,4306,4416,4318,3908,4335,5692,5696&Prime; carousel_lg=\u00a0\u00bb3&Prime; carousel_md=\u00a0\u00bb3&Prime; carousel_sm=\u00a0\u00bb2&Prime; gutter_size=\u00a0\u00bb3&Prime; media_items=\u00a0\u00bbmedia|custom_link|original,icon\u00a0\u00bb carousel_v_align=\u00a0\u00bbmiddle\u00a0\u00bb carousel_interval=\u00a0\u00bb3000&Prime; carousel_navspeed=\u00a0\u00bb400&Prime; carousel_loop=\u00a0\u00bbyes\u00a0\u00bb carousel_nav=\u00a0\u00bbyes\u00a0\u00bb stage_padding=\u00a0\u00bb0&Prime; single_text=\u00a0\u00bbunder\u00a0\u00bb single_shape=\u00a0\u00bbround\u00a0\u00bb radius=\u00a0\u00bbxs\u00a0\u00bb single_overlay_color=\u00a0\u00bbcolor-xsdn\u00a0\u00bb single_overlay_coloration=\u00a0\u00bbbottom_gradient\u00a0\u00bb single_overlay_opacity=\u00a0\u00bb1&Prime; single_image_anim=\u00a0\u00bbno\u00a0\u00bb single_h_align=\u00a0\u00bbcenter\u00a0\u00bb single_padding=\u00a0\u00bb2&Prime; single_border=\u00a0\u00bbyes\u00a0\u00bb uncode_shortcode_id=\u00a0\u00bb812722&Prime; items=\u00a0\u00bbeyIzODgwX2kiOnsic2luZ2xlX2xpbmsiOiJ1cmw6aHR0cHM6Ly93d3cuc3Jnc3NyLmNoL2RlL3N0YXJ0fHRhcmdldDpfYmxhbmsifSwiMzkwNF9pIjp7InNpbmdsZV9saW5rIjoidXJsOmh0dHBzOi8vd3d3LnJpbmdpZXIuY29tL2RlL3x0YXJnZXQ6X2JsYW5rIn0sIjM5MDFfaSI6eyJzaW5nbGVfbGluayI6InVybDpodHRwczovL2dvbGRiYWNobmVvLmNvbS9kZS9ob21lfHRhcmdldDpfYmxhbmsifSwiMzg3N19pIjp7InNpbmdsZV9saW5rIjoidXJsOmh0dHBzOi8vZ29sZGJhY2guY29tL2NoL2RlL2hvbWV8dGFyZ2V0Ol9ibGFuayJ9LCIzODg5X2kiOnsic2luZ2xlX2xpbmsiOiJ1cmw6aHR0cHM6Ly93d3cuc3dpc3Njb20uY2gvZGUvYWJvdXQuaHRtbHx0YXJnZXQ6X2JsYW5rIn0sIjM4ODZfaSI6eyJzaW5nbGVfbGluayI6InVybDpodHRwczovL3d3dy5tZWRpYXNjaG5laWRlci5jb20vfHRhcmdldDpfYmxhbmsifSwiMzkwN19pIjp7InNpbmdsZV9saW5rIjoidXJsOmh0dHBzOi8vd3d3LnNjaHdlaXplcm1lZGllbi5jaC98dGFyZ2V0Ol9ibGFuayJ9LCIzODgzX2kiOnsic2luZ2xlX2xpbmsiOiJ1cmw6aHR0cHM6Ly93d3cuYXBnc2dhLmNoL2RlL3x0YXJnZXQ6X2JsYW5rIn0sIjM4OTVfaSI6eyJzaW5nbGVfbGluayI6InVybDpodHRwczovL3d3dy5qdGkuY29tL3x0YXJnZXQ6X2JsYW5rIn0sIjM4OTJfaSI6eyJzaW5nbGVfbGluayI6InVybDpodHRwczovL3d3dy5wbWkuY29tL3x0YXJnZXQ6X2JsYW5rIn0sIjM4OThfaSI6eyJzaW5nbGVfbGluayI6InVybDpodHRwczovL3d3dy5iYXQuY29tL3x0YXJnZXQ6X2JsYW5rIn0sIjQxNDFfaSI6eyJzaW5nbGVfbGluayI6InVybDpodHRwczovL2dvbGRiYWNoLmNvbS9jaC9kZS9ob21lfHRhcmdldDpfYmxhbmsifSwiNDE0NV9pIjp7InNpbmdsZV9saW5rIjoidXJsOmh0dHBzOi8vZ29sZGJhY2guY29tL2NoL2RlL2hvbWV8dGFyZ2V0Ol9ibGFuayJ9LCI0MzAxX2kiOnsic2luZ2xlX2xpbmsiOiJ1cmw6aHR0cHM6Ly93d3cuYXN3LmNoL3x0YXJnZXQ6X2JsYW5rIn0sIjQzMDVfaSI6eyJzaW5nbGVfbGluayI6InVybDpodHRwczovL3d3dy5pYWEuY2gvfHRhcmdldDpfYmxhbmsifSwiNDMwOF9pIjp7InNpbmdsZV9saW5rIjoidXJsOmh0dHBzOi8vbGVhZGluZ3N3aXNzYWdlbmNpZXMuY2gvfHRhcmdldDpfYmxhbmsifSwiNDMxMV9pIjp7InNpbmdsZV9saW5rIjoidXJsOmh0dHBzOi8vc3dhLWFzYS5jaC9kZS98dGFyZ2V0Ol9ibGFuayJ9LCIzOTkyX2kiOnsic2luZ2xlX2xpbmsiOiJ1cmw6aHR0cHM6Ly9wcnN1aXNzZS5jaC98dGFyZ2V0Ol9ibGFuayJ9LCIyNTMyX2kiOnsic2luZ2xlX2xpbmsiOiJ1cmw6aHR0cHM6Ly93d3cuaWFiLXN3aXR6ZXJsYW5kLmNoL3x0YXJnZXQ6X2JsYW5rIn0sIjQzMTdfaSI6eyJzaW5nbGVfbGluayI6InVybDpodHRwczovL3d3dy5zY2h3ZWl6ZXJyZWdpb25hbG1lZGllbi5jaC98dGFyZ2V0Ol9ibGFuayJ9LCI0MzI4X2kiOnsic2luZ2xlX2xpbmsiOiJ1cmw6aHR0cHM6Ly9sZWFkaW5nc3dpc3NhZ2VuY2llcy5jaC98dGFyZ2V0Ol9ibGFuayJ9LCI0MzM0X2kiOnsic2luZ2xlX2xpbmsiOiJ1cmw6aHR0cHM6Ly93d3cuYXN3LmNoL3x0YXJnZXQ6X2JsYW5rIn0sIjQzMzFfaSI6eyJzaW5nbGVfbGluayI6InVybDpodHRwczovL3N3YS1hc2EuY2gvZGUvfHRhcmdldDpfYmxhbmsifSwiNDMzOV9pIjp7InNpbmdsZV9saW5rIjoidXJsOmh0dHBzOi8vcHJzdWlzc2UuY2gvP19sb2NhbGU9ZGVfQ0h8dGFyZ2V0Ol9ibGFuayJ9LCI0NDE1X2kiOnsic2luZ2xlX2xpbmsiOiJ1cmw6aHR0cHM6Ly93d3cuaWFiLXN3aXR6ZXJsYW5kLmNoL3x0YXJnZXQ6X2JsYW5rIn0sIjU2OTJfaSI6eyJzaW5nbGVfbGluayI6InVybDpodHRwcyUzQSUyRiUyRnNkdi1kaWFsb2dtYXJrZXRpbmcuY2glMkZ8dGFyZ2V0Ol9ibGFuayJ9LCI1Njk2X2kiOnsic2luZ2xlX2xpbmsiOiJ1cmw6aHR0cHMlM0ElMkYlMkZ3d3cuc3dpdHplcmxhbmRjYXNpbm9zLmNoJTJGZnIlMkZ0cmFuc2xhdGUtdG8tZnJhbnpvZXNpc2NoLWhvbWV8dGFyZ2V0Ol9ibGFuayJ9fQ==\u00a0\u00bb el_class=\u00a0\u00bbpremium-partner-logos\u00a0\u00bb][\/vc_column][\/vc_row][vc_row][vc_column width=\u00a0\u00bb1\/1&Prime;][\/vc_column][\/vc_row]<\/p>\n<\/div>","protected":false},"excerpt":{"rendered":"<p>[vc_row row_height_percent=\u00a0\u00bb0&Prime; override_padding=\u00a0\u00bbyes\u00a0\u00bb h_padding=\u00a0\u00bb2&Prime; top_padding=\u00a0\u00bb3&Prime; bottom_padding=\u00a0\u00bb2&Prime; overlay_alpha=\u00a0\u00bb50&Prime; gutter_size=\u00a0\u00bb3&Prime; column_width_percent=\u00a0\u00bb100&Prime; shift_y=\u00a0\u00bb0&Prime; z_index=\u00a0\u00bb0&Prime; uncode_shortcode_id=\u00a0\u00bb172934&Prime;][vc_column column_width_use_pixel=\u00a0\u00bbyes\u00a0\u00bb gutter_size=\u00a0\u00bb2&Prime; overlay_alpha=\u00a0\u00bb50&Prime; shift_x=\u00a0\u00bb0&Prime; shift_y=\u00a0\u00bb0&Prime; shift_y_down=\u00a0\u00bb0&Prime; z_index=\u00a0\u00bb0&Prime; medium_width=\u00a0\u00bb0&Prime; [&hellip;]<\/p>\n","protected":false},"author":1,"featured_media":871,"parent":0,"menu_order":4,"comment_status":"closed","ping_status":"closed","template":"","meta":{"content-type":"","footnotes":""},"class_list":["post-901","page","type-page","status-publish","has-post-thumbnail","hentry"],"yoast_head":"<!-- This site is optimized with the Yoast SEO plugin v27.5 - https:\/\/yoast.com\/product\/yoast-seo-wordpress\/ -->\n<title>Adh\u00e9sion - KS\/CS Communication Suisse<\/title>\n<meta name=\"description\" content=\"Votre adh\u00e9sion permet notre engagement envers une industrie publicitaire efficace et dynamique.\" \/>\n<meta name=\"robots\" content=\"index, follow, max-snippet:-1, max-image-preview:large, max-video-preview:-1\" \/>\n<link rel=\"canonical\" href=\"https:\/\/ks-cs.ch\/fr\/adhesion\/\" \/>\n<meta property=\"og:locale\" content=\"fr_FR\" \/>\n<meta property=\"og:type\" content=\"article\" \/>\n<meta property=\"og:title\" content=\"Adh\u00e9sion - KS\/CS Communication Suisse\" \/>\n<meta property=\"og:description\" content=\"Votre adh\u00e9sion permet notre engagement envers une industrie publicitaire efficace et dynamique.\" \/>\n<meta property=\"og:url\" content=\"https:\/\/ks-cs.ch\/fr\/adhesion\/\" \/>\n<meta property=\"og:site_name\" content=\"KS\/CS Communication Suisse\" \/>\n<meta property=\"article:modified_time\" content=\"2025-12-01T13:24:36+00:00\" \/>\n<meta property=\"og:image\" content=\"https:\/\/ks-cs.ch\/wp-content\/uploads\/2022\/08\/Partnerschaft_Zusammenarbeit.jpg\" \/>\n\t<meta property=\"og:image:width\" content=\"2400\" \/>\n\t<meta property=\"og:image:height\" content=\"1600\" \/>\n\t<meta property=\"og:image:type\" content=\"image\/jpeg\" \/>\n<meta name=\"twitter:card\" content=\"summary_large_image\" \/>\n<meta name=\"twitter:label1\" content=\"Dur\u00e9e de lecture estim\u00e9e\" \/>\n\t<meta name=\"twitter:data1\" content=\"4 minutes\" \/>\n<script type=\"application\/ld+json\" class=\"yoast-schema-graph\">{\"@context\":\"https:\\\/\\\/schema.org\",\"@graph\":[{\"@type\":\"WebPage\",\"@id\":\"https:\\\/\\\/ks-cs.ch\\\/fr\\\/adhesion\\\/\",\"url\":\"https:\\\/\\\/ks-cs.ch\\\/fr\\\/adhesion\\\/\",\"name\":\"Adh\u00e9sion - KS\\\/CS Communication Suisse\",\"isPartOf\":{\"@id\":\"https:\\\/\\\/ks-cs.ch\\\/fr\\\/#website\"},\"primaryImageOfPage\":{\"@id\":\"https:\\\/\\\/ks-cs.ch\\\/fr\\\/adhesion\\\/#primaryimage\"},\"image\":{\"@id\":\"https:\\\/\\\/ks-cs.ch\\\/fr\\\/adhesion\\\/#primaryimage\"},\"thumbnailUrl\":\"https:\\\/\\\/ks-cs.ch\\\/wp-content\\\/uploads\\\/2022\\\/08\\\/Partnerschaft_Zusammenarbeit.jpg\",\"datePublished\":\"2022-05-30T08:56:36+00:00\",\"dateModified\":\"2025-12-01T13:24:36+00:00\",\"description\":\"Votre adh\u00e9sion permet notre engagement envers une industrie publicitaire efficace et dynamique.\",\"breadcrumb\":{\"@id\":\"https:\\\/\\\/ks-cs.ch\\\/fr\\\/adhesion\\\/#breadcrumb\"},\"inLanguage\":\"fr-FR\",\"potentialAction\":[{\"@type\":\"ReadAction\",\"target\":[\"https:\\\/\\\/ks-cs.ch\\\/fr\\\/adhesion\\\/\"]}]},{\"@type\":\"ImageObject\",\"inLanguage\":\"fr-FR\",\"@id\":\"https:\\\/\\\/ks-cs.ch\\\/fr\\\/adhesion\\\/#primaryimage\",\"url\":\"https:\\\/\\\/ks-cs.ch\\\/wp-content\\\/uploads\\\/2022\\\/08\\\/Partnerschaft_Zusammenarbeit.jpg\",\"contentUrl\":\"https:\\\/\\\/ks-cs.ch\\\/wp-content\\\/uploads\\\/2022\\\/08\\\/Partnerschaft_Zusammenarbeit.jpg\",\"width\":2400,\"height\":1600},{\"@type\":\"BreadcrumbList\",\"@id\":\"https:\\\/\\\/ks-cs.ch\\\/fr\\\/adhesion\\\/#breadcrumb\",\"itemListElement\":[{\"@type\":\"ListItem\",\"position\":1,\"name\":\"Home\",\"item\":\"https:\\\/\\\/ks-cs.ch\\\/fr\\\/\"},{\"@type\":\"ListItem\",\"position\":2,\"name\":\"Adh\u00e9sion\"}]},{\"@type\":\"WebSite\",\"@id\":\"https:\\\/\\\/ks-cs.ch\\\/fr\\\/#website\",\"url\":\"https:\\\/\\\/ks-cs.ch\\\/fr\\\/\",\"name\":\"KS\\\/CS Kommunikation Schweiz\",\"description\":\"Association des communications commerciales\",\"publisher\":{\"@id\":\"https:\\\/\\\/ks-cs.ch\\\/fr\\\/#organization\"},\"potentialAction\":[{\"@type\":\"SearchAction\",\"target\":{\"@type\":\"EntryPoint\",\"urlTemplate\":\"https:\\\/\\\/ks-cs.ch\\\/fr\\\/?s={search_term_string}\"},\"query-input\":{\"@type\":\"PropertyValueSpecification\",\"valueRequired\":true,\"valueName\":\"search_term_string\"}}],\"inLanguage\":\"fr-FR\"},{\"@type\":\"Organization\",\"@id\":\"https:\\\/\\\/ks-cs.ch\\\/fr\\\/#organization\",\"name\":\"KS\\\/CS Kommunikation Schweiz\",\"url\":\"https:\\\/\\\/ks-cs.ch\\\/fr\\\/\",\"logo\":{\"@type\":\"ImageObject\",\"inLanguage\":\"fr-FR\",\"@id\":\"https:\\\/\\\/ks-cs.ch\\\/fr\\\/#\\\/schema\\\/logo\\\/image\\\/\",\"url\":\"https:\\\/\\\/ks-cs.ch\\\/wp-content\\\/uploads\\\/2022\\\/12\\\/Logo-Social-Media-1.jpg\",\"contentUrl\":\"https:\\\/\\\/ks-cs.ch\\\/wp-content\\\/uploads\\\/2022\\\/12\\\/Logo-Social-Media-1.jpg\",\"width\":709,\"height\":608,\"caption\":\"KS\\\/CS Kommunikation Schweiz\"},\"image\":{\"@id\":\"https:\\\/\\\/ks-cs.ch\\\/fr\\\/#\\\/schema\\\/logo\\\/image\\\/\"},\"sameAs\":[\"https:\\\/\\\/www.linkedin.com\\\/company\\\/kommunikation-schweiz-communication-suisse-comunicazione-svizzera-communication-switzerland\\\/\"]}]}<\/script>\n<!-- \/ Yoast SEO plugin. -->","yoast_head_json":{"title":"Adh\u00e9sion - KS\/CS Communication Suisse","description":"Votre adh\u00e9sion permet notre engagement envers une industrie publicitaire efficace et dynamique.","robots":{"index":"index","follow":"follow","max-snippet":"max-snippet:-1","max-image-preview":"max-image-preview:large","max-video-preview":"max-video-preview:-1"},"canonical":"https:\/\/ks-cs.ch\/fr\/adhesion\/","og_locale":"fr_FR","og_type":"article","og_title":"Adh\u00e9sion - KS\/CS Communication Suisse","og_description":"Votre adh\u00e9sion permet notre engagement envers une industrie publicitaire efficace et dynamique.","og_url":"https:\/\/ks-cs.ch\/fr\/adhesion\/","og_site_name":"KS\/CS Communication Suisse","article_modified_time":"2025-12-01T13:24:36+00:00","og_image":[{"width":2400,"height":1600,"url":"https:\/\/ks-cs.ch\/wp-content\/uploads\/2022\/08\/Partnerschaft_Zusammenarbeit.jpg","type":"image\/jpeg"}],"twitter_card":"summary_large_image","twitter_misc":{"Dur\u00e9e de lecture estim\u00e9e":"4 minutes"},"schema":{"@context":"https:\/\/schema.org","@graph":[{"@type":"WebPage","@id":"https:\/\/ks-cs.ch\/fr\/adhesion\/","url":"https:\/\/ks-cs.ch\/fr\/adhesion\/","name":"Adh\u00e9sion - KS\/CS Communication Suisse","isPartOf":{"@id":"https:\/\/ks-cs.ch\/fr\/#website"},"primaryImageOfPage":{"@id":"https:\/\/ks-cs.ch\/fr\/adhesion\/#primaryimage"},"image":{"@id":"https:\/\/ks-cs.ch\/fr\/adhesion\/#primaryimage"},"thumbnailUrl":"https:\/\/ks-cs.ch\/wp-content\/uploads\/2022\/08\/Partnerschaft_Zusammenarbeit.jpg","datePublished":"2022-05-30T08:56:36+00:00","dateModified":"2025-12-01T13:24:36+00:00","description":"Votre adh\u00e9sion permet notre engagement envers une industrie publicitaire efficace et dynamique.","breadcrumb":{"@id":"https:\/\/ks-cs.ch\/fr\/adhesion\/#breadcrumb"},"inLanguage":"fr-FR","potentialAction":[{"@type":"ReadAction","target":["https:\/\/ks-cs.ch\/fr\/adhesion\/"]}]},{"@type":"ImageObject","inLanguage":"fr-FR","@id":"https:\/\/ks-cs.ch\/fr\/adhesion\/#primaryimage","url":"https:\/\/ks-cs.ch\/wp-content\/uploads\/2022\/08\/Partnerschaft_Zusammenarbeit.jpg","contentUrl":"https:\/\/ks-cs.ch\/wp-content\/uploads\/2022\/08\/Partnerschaft_Zusammenarbeit.jpg","width":2400,"height":1600},{"@type":"BreadcrumbList","@id":"https:\/\/ks-cs.ch\/fr\/adhesion\/#breadcrumb","itemListElement":[{"@type":"ListItem","position":1,"name":"Home","item":"https:\/\/ks-cs.ch\/fr\/"},{"@type":"ListItem","position":2,"name":"Adh\u00e9sion"}]},{"@type":"WebSite","@id":"https:\/\/ks-cs.ch\/fr\/#website","url":"https:\/\/ks-cs.ch\/fr\/","name":"KS\/CS Kommunikation Schweiz","description":"Association des communications commerciales","publisher":{"@id":"https:\/\/ks-cs.ch\/fr\/#organization"},"potentialAction":[{"@type":"SearchAction","target":{"@type":"EntryPoint","urlTemplate":"https:\/\/ks-cs.ch\/fr\/?s={search_term_string}"},"query-input":{"@type":"PropertyValueSpecification","valueRequired":true,"valueName":"search_term_string"}}],"inLanguage":"fr-FR"},{"@type":"Organization","@id":"https:\/\/ks-cs.ch\/fr\/#organization","name":"KS\/CS Kommunikation Schweiz","url":"https:\/\/ks-cs.ch\/fr\/","logo":{"@type":"ImageObject","inLanguage":"fr-FR","@id":"https:\/\/ks-cs.ch\/fr\/#\/schema\/logo\/image\/","url":"https:\/\/ks-cs.ch\/wp-content\/uploads\/2022\/12\/Logo-Social-Media-1.jpg","contentUrl":"https:\/\/ks-cs.ch\/wp-content\/uploads\/2022\/12\/Logo-Social-Media-1.jpg","width":709,"height":608,"caption":"KS\/CS Kommunikation Schweiz"},"image":{"@id":"https:\/\/ks-cs.ch\/fr\/#\/schema\/logo\/image\/"},"sameAs":["https:\/\/www.linkedin.com\/company\/kommunikation-schweiz-communication-suisse-comunicazione-svizzera-communication-switzerland\/"]}]}},"publishpress_future_action":{"enabled":false,"date":"2026-05-06 13:40:28","action":"change-status","newStatus":"draft","terms":[],"taxonomy":"translation_priority","extraData":[]},"publishpress_future_workflow_manual_trigger":{"enabledWorkflows":[]},"_links":{"self":[{"href":"https:\/\/ks-cs.ch\/fr\/wp-json\/wp\/v2\/pages\/901","targetHints":{"allow":["GET"]}}],"collection":[{"href":"https:\/\/ks-cs.ch\/fr\/wp-json\/wp\/v2\/pages"}],"about":[{"href":"https:\/\/ks-cs.ch\/fr\/wp-json\/wp\/v2\/types\/page"}],"author":[{"embeddable":true,"href":"https:\/\/ks-cs.ch\/fr\/wp-json\/wp\/v2\/users\/1"}],"replies":[{"embeddable":true,"href":"https:\/\/ks-cs.ch\/fr\/wp-json\/wp\/v2\/comments?post=901"}],"version-history":[{"count":41,"href":"https:\/\/ks-cs.ch\/fr\/wp-json\/wp\/v2\/pages\/901\/revisions"}],"predecessor-version":[{"id":8513,"href":"https:\/\/ks-cs.ch\/fr\/wp-json\/wp\/v2\/pages\/901\/revisions\/8513"}],"wp:featuredmedia":[{"embeddable":true,"href":"https:\/\/ks-cs.ch\/fr\/wp-json\/wp\/v2\/media\/871"}],"wp:attachment":[{"href":"https:\/\/ks-cs.ch\/fr\/wp-json\/wp\/v2\/media?parent=901"}],"curies":[{"name":"wp","href":"https:\/\/api.w.org\/{rel}","templated":true}]}}